{"id":8946,"date":"2015-12-02T10:17:13","date_gmt":"2015-12-02T10:17:13","guid":{"rendered":"http:\/\/mall.cmsmasters.net\/?page_id=8946"},"modified":"2022-01-09T00:23:18","modified_gmt":"2022-01-09T03:23:18","slug":"sermons","status":"publish","type":"page","link":"https:\/\/ipaliancadf.org\/index.php\/sermons\/","title":{"rendered":"Prega\u00e7\u00f5es"},"content":{"rendered":"<div id=\"cmsmasters_row_0dxfkhdk\" class=\"cmsmasters_row cmsmasters_color_scheme_default cmsmasters_row_top_default cmsmasters_row_bot_default cmsmasters_row_boxed\">\n<div class=\"cmsmasters_row_outer_parent\">\n<div class=\"cmsmasters_row_outer\">\n<div class=\"cmsmasters_row_inner\">\n<div class=\"cmsmasters_row_margin\">\n<div id=\"cmsmasters_column_w51ubxpb8r\" class=\"cmsmasters_column one_first\">\n<div class=\"cmsmasters_column_inner\"><div id=\"cmsmasters_heading_ydh4y3j37o\" class=\"cmsmasters_heading_wrap cmsmasters_heading_align_center\">\n\t<h2 class=\"cmsmasters_heading\">Prega\u00e7\u00f5es<\/h2>\n<\/div><div id=\"cmsmasters_fb_n18i8j7vy\" class=\"cmsmasters_featured_block\">\n<div class=\"featured_block_inner\">\n<div class=\"featured_block_text\">\n<div id=\"cmsmasters_heading_4vgtxwlm98\" class=\"cmsmasters_heading_wrap cmsmasters_heading_align_center\">\n\t<h4 class=\"cmsmasters_heading\">Prega\u00e7\u00f5es dos Cultos Dominicais<\/h4>\n<\/div>\n\n<\/div>\n<\/div>\n<\/div>\n<\/div><\/div>\n<\/div>\n<\/div>\n<\/div>\n<\/div>\n<\/div>\n<div id=\"cmsmasters_row_45nuf9vh6s\" class=\"cmsmasters_row cmsmasters_color_scheme_default cmsmasters_row_top_default cmsmasters_row_bot_default cmsmasters_row_boxed\">\n<div class=\"cmsmasters_row_outer_parent\">\n<div class=\"cmsmasters_row_outer\">\n<div class=\"cmsmasters_row_inner\">\n<div class=\"cmsmasters_row_margin\">\n<div id=\"cmsmasters_column_46bgxgprpj\" class=\"cmsmasters_column one_first\">\n<div class=\"cmsmasters_column_inner\"><div id=\"cmsmasters_heading_dibgeh72vw\" class=\"cmsmasters_heading_wrap cmsmasters_heading_align_center\">\n\t<h2 class=\"cmsmasters_heading\">Mensagens<\/h2>\n<\/div><div id=\"cmsmasters_heading_3y12ty0vjv\" class=\"cmsmasters_heading_wrap cmsmasters_heading_align_center\">\n\t<h4 class=\"cmsmasters_heading\">Vox Dei<\/h4>\n<\/div>\n<div id=\"cmsmasters_sermons_00eoj7h42p\" class=\"cmsmasters_sermons\">\n\n<!--_________________________ Start Sermon _________________________ -->\n\n<article id=\"post-14794\" class=\"cmsmasters_sermon one_third post-14794 sermon type-sermon status-publish has-post-thumbnail hentry srm-categs-hebreus\">\n<figure class=\"cmsmasters_img_rollover_wrap preloader\"><img loading=\"lazy\" decoding=\"async\" width=\"580\" height=\"420\" src=\"https:\/\/ipaliancadf.org\/wp-content\/uploads\/2017\/03\/03-860x500-copiar-580x420.jpg\" class=\"full-width wp-post-image\" alt=\"Um Trono de Gra\u00e7a &#8211; Hebreus 4:14-16\" title=\"03-860x500 copiar\" \/><a href=\"https:\/\/ipaliancadf.org\/index.php\/sermon\/faith-gods-solution-to-the-problem-of-sin\/\" title=\"Um Trono de Gra\u00e7a &#8211; Hebreus 4:14-16\" class=\"cmsmasters_open_link\"><\/a><\/figure><div class=\"cmsmasters_sermon_media\"><a class=\"cmsmasters_sermon_media_item cmsmasters_theme_icon_sermon_video\" href=\"\/\/youtube.com\/embed\/RVr5bKGOvIo\" rel=\"ilightbox[69f28f53a19e5]\"><\/a><a href=\"#\" class=\"cmsmasters_sermon_media_item cmsmasters_sermon_audio cmsmasters_theme_icon_sermon_audio\"><\/a><div class=\"cmsmasters_sermon_audio_content\"><!--[if lt IE 9]><script>document.createElement('audio');<\/script><![endif]-->\n<audio class=\"wp-audio-shortcode\" id=\"audio-14794-1\" preload=\"none\" style=\"width: 100%;\" controls=\"controls\"><source type=\"audio\/mpeg\" src=\"https:\/\/ipaliancadf.org\/mensagens\/Hebreus%204.14-16.mp3?_=1\" \/><a href=\"https:\/\/ipaliancadf.org\/mensagens\/Hebreus%204.14-16.mp3\">https:\/\/ipaliancadf.org\/mensagens\/Hebreus%204.14-16.mp3<\/a><\/audio><\/div><a class=\"cmsmasters_sermon_media_item cmsmasters_theme_icon_sermon_download\" href=\"https:\/\/ipaliancadf.org\/mensagens\/Hebreus%204.14-16.mp3\" download><\/a><a target=\"_blank\" class=\"cmsmasters_sermon_media_item cmsmasters_theme_icon_sermon_pdf\" href=\"https:\/\/ipaliancadf.org\/mensagens\/Hebreus%204.14-16.pdf\"><\/a><\/div><h3 class=\"cmsmasters_sermon_title entry-title\"><a href=\"https:\/\/ipaliancadf.org\/index.php\/sermon\/faith-gods-solution-to-the-problem-of-sin\/\">Um Trono de Gra\u00e7a &#8211; Hebreus 4:14-16<\/a><\/h3>\n<div class=\"cmsmasters_sermon_author\">\nPregador: <a href=\"https:\/\/ipaliancadf.org\/index.php\/author\/ipali249\/\" title=\"Speaker Rev. Dilsilei Monteiro\" class=\"vcard author\"><span class=\"fn\" rel=\"author\">Rev. Dilsilei Monteiro<\/span><\/a><\/div>\n<abbr class=\"cmsmasters_sermon_date\" title=\"9 de janeiro de 2022\">9 de janeiro de 2022<\/abbr>\n<div class=\"cmsmasters_sermon_content entry-content\"><p>Serm\u00e3o pregado na S\u00e9rie expositiva de Hebreus no Culto Matutino de 09\/01\/2022 da Igreja Presbiteriana Alian\u00e7a de Bras\u00edlia\/DF.<\/p>\n<\/div>\n<\/article>\n\n<!--_________________________ Finish Sermon _________________________ -->\n<!--_________________________ Start Sermon _________________________ -->\n\n<article id=\"post-14795\" class=\"cmsmasters_sermon one_third post-14795 sermon type-sermon status-publish has-post-thumbnail hentry srm-categs-josue\">\n<figure class=\"cmsmasters_img_rollover_wrap preloader\"><img loading=\"lazy\" decoding=\"async\" width=\"580\" height=\"420\" src=\"https:\/\/ipaliancadf.org\/wp-content\/uploads\/2017\/03\/03-860x500-copiar-2-580x420.jpg\" class=\"full-width wp-post-image\" alt=\"O perigo do pecado oculto &#8211; Josu\u00e9 7\" title=\"03-860x500 copiar 2\" \/><a href=\"https:\/\/ipaliancadf.org\/index.php\/sermon\/unity-god-can-handle-our-differences-2\/\" title=\"O perigo do pecado oculto &#8211; Josu\u00e9 7\" class=\"cmsmasters_open_link\"><\/a><\/figure><div class=\"cmsmasters_sermon_media\"><a class=\"cmsmasters_sermon_media_item cmsmasters_theme_icon_sermon_video\" href=\"\/\/youtube.com\/embed\/mf_DWIzD52U\" rel=\"ilightbox[69f28f53a1f1e]\"><\/a><a href=\"#\" class=\"cmsmasters_sermon_media_item cmsmasters_sermon_audio cmsmasters_theme_icon_sermon_audio\"><\/a><div class=\"cmsmasters_sermon_audio_content\"><audio class=\"wp-audio-shortcode\" id=\"audio-14795-2\" preload=\"none\" style=\"width: 100%;\" controls=\"controls\"><source type=\"audio\/mpeg\" src=\"https:\/\/ipaliancadf.org\/mensagens\/Josu\u00e9%207.mp3?_=2\" \/><a href=\"https:\/\/ipaliancadf.org\/mensagens\/Josu\u00e9%207.mp3\">https:\/\/ipaliancadf.org\/mensagens\/Josu\u00e9%207.mp3<\/a><\/audio><\/div><a class=\"cmsmasters_sermon_media_item cmsmasters_theme_icon_sermon_download\" href=\"https:\/\/ipaliancadf.org\/mensagens\/Josu\u00e9%207.mp3\" download><\/a><a target=\"_blank\" class=\"cmsmasters_sermon_media_item cmsmasters_theme_icon_sermon_pdf\" href=\"https:\/\/ipaliancadf.org\/mensagens\/Josu\u00e9%207.pdf\"><\/a><\/div><h3 class=\"cmsmasters_sermon_title entry-title\"><a href=\"https:\/\/ipaliancadf.org\/index.php\/sermon\/unity-god-can-handle-our-differences-2\/\">O perigo do pecado oculto &#8211; Josu\u00e9 7<\/a><\/h3>\n<div class=\"cmsmasters_sermon_author\">\nPregador: <a href=\"https:\/\/ipaliancadf.org\/index.php\/author\/ipali249\/\" title=\"Speaker Pb. Lu\u00eds Oliveira\" class=\"vcard author\"><span class=\"fn\" rel=\"author\">Pb. Lu\u00eds Oliveira<\/span><\/a><\/div>\n<abbr class=\"cmsmasters_sermon_date\" title=\"9 de janeiro de 2022\">9 de janeiro de 2022<\/abbr>\n<div class=\"cmsmasters_sermon_content entry-content\"><p>Serm\u00e3o pregado no na s\u00e9rie expositiva de Josu\u00e9, no Culto Matutino de 09\/01\/2022 da Igreja Presbiteriana Alian\u00e7a de Bras\u00edlia\/DF.<\/p>\n<\/div>\n<\/article>\n\n<!--_________________________ Finish Sermon _________________________ -->\n<!--_________________________ Start Sermon _________________________ -->\n\n<article id=\"post-14797\" class=\"cmsmasters_sermon one_third post-14797 sermon type-sermon status-publish has-post-thumbnail hentry srm-categs-hebreus\">\n<figure class=\"cmsmasters_img_rollover_wrap preloader\"><img loading=\"lazy\" decoding=\"async\" width=\"580\" height=\"420\" src=\"https:\/\/ipaliancadf.org\/wp-content\/uploads\/2017\/03\/03-860x500-copiar-580x420.jpg\" class=\"full-width wp-post-image\" alt=\"Uma Palavra poderosa &#8211; Hebreus 4:12-13\" title=\"03-860x500 copiar\" \/><a href=\"https:\/\/ipaliancadf.org\/index.php\/sermon\/reclaiming-your-spiritual-passion-2\/\" title=\"Uma Palavra poderosa &#8211; Hebreus 4:12-13\" class=\"cmsmasters_open_link\"><\/a><\/figure><div class=\"cmsmasters_sermon_media\"><a class=\"cmsmasters_sermon_media_item cmsmasters_theme_icon_sermon_video\" href=\"\/\/youtube.com\/embed\/4-E7UvsKoJE\" rel=\"ilightbox[69f28f53a2228]\"><\/a><a href=\"#\" class=\"cmsmasters_sermon_media_item cmsmasters_sermon_audio cmsmasters_theme_icon_sermon_audio\"><\/a><div class=\"cmsmasters_sermon_audio_content\"><audio class=\"wp-audio-shortcode\" id=\"audio-14797-3\" preload=\"none\" style=\"width: 100%;\" controls=\"controls\"><source type=\"audio\/mpeg\" src=\"https:\/\/ipaliancadf.org\/mensagens\/Hebreus%204.12-13.mp3?_=3\" \/><a href=\"https:\/\/ipaliancadf.org\/mensagens\/Hebreus%204.12-13.mp3\">https:\/\/ipaliancadf.org\/mensagens\/Hebreus%204.12-13.mp3<\/a><\/audio><\/div><a class=\"cmsmasters_sermon_media_item cmsmasters_theme_icon_sermon_download\" href=\"https:\/\/ipaliancadf.org\/mensagens\/Hebreus%204.12-13.mp3\" download><\/a><a target=\"_blank\" class=\"cmsmasters_sermon_media_item cmsmasters_theme_icon_sermon_pdf\" href=\"https:\/\/ipaliancadf.org\/mensagens\/Hebreus%204.12-13.pdf\"><\/a><\/div><h3 class=\"cmsmasters_sermon_title entry-title\"><a href=\"https:\/\/ipaliancadf.org\/index.php\/sermon\/reclaiming-your-spiritual-passion-2\/\">Uma Palavra poderosa &#8211; Hebreus 4:12-13<\/a><\/h3>\n<div class=\"cmsmasters_sermon_author\">\nPregador: <a href=\"https:\/\/ipaliancadf.org\/index.php\/author\/ipali249\/\" title=\"Speaker Rev. Dilsilei Monteiro\" class=\"vcard author\"><span class=\"fn\" rel=\"author\">Rev. Dilsilei Monteiro<\/span><\/a><\/div>\n<abbr class=\"cmsmasters_sermon_date\" title=\"2 de janeiro de 2022\">2 de janeiro de 2022<\/abbr>\n<div class=\"cmsmasters_sermon_content entry-content\"><p>Exposi\u00e7\u00e3o sequencial de Hebreus no Culto da noite de 02\/01\/2022 da Igreja Presbiteriana Alian\u00e7a de Bras\u00edlia\/DF.<\/p>\n<\/div>\n<\/article>\n\n<!--_________________________ Finish Sermon _________________________ -->\n<!--_________________________ Start Sermon _________________________ -->\n\n<article id=\"post-14799\" class=\"cmsmasters_sermon one_third post-14799 sermon type-sermon status-publish has-post-thumbnail hentry srm-categs-josue\">\n<figure class=\"cmsmasters_img_rollover_wrap preloader\"><img loading=\"lazy\" decoding=\"async\" width=\"580\" height=\"420\" src=\"https:\/\/ipaliancadf.org\/wp-content\/uploads\/2017\/03\/03-860x500-copiar-2-580x420.jpg\" class=\"full-width wp-post-image\" alt=\"A promessa de F\u00e9 &#8211; Josu\u00e9 6\" title=\"03-860x500 copiar 2\" \/><a href=\"https:\/\/ipaliancadf.org\/index.php\/sermon\/a-promessa-de-fe\/\" title=\"A promessa de F\u00e9 &#8211; Josu\u00e9 6\" class=\"cmsmasters_open_link\"><\/a><\/figure><div class=\"cmsmasters_sermon_media\"><a class=\"cmsmasters_sermon_media_item cmsmasters_theme_icon_sermon_video\" href=\"\/\/youtube.com\/embed\/6WypYzDSMpk\" rel=\"ilightbox[69f28f53a24ea]\"><\/a><a href=\"#\" class=\"cmsmasters_sermon_media_item cmsmasters_sermon_audio cmsmasters_theme_icon_sermon_audio\"><\/a><div class=\"cmsmasters_sermon_audio_content\"><audio class=\"wp-audio-shortcode\" id=\"audio-14799-4\" preload=\"none\" style=\"width: 100%;\" controls=\"controls\"><source type=\"audio\/mpeg\" src=\"https:\/\/ipaliancadf.org\/mensagens\/Josu\u00e9%206%20-%20A%20promessa%20de%20f\u00e9.mp3?_=4\" \/><a href=\"https:\/\/ipaliancadf.org\/mensagens\/Josu\u00e9%206%20-%20A%20promessa%20de%20f\u00e9.mp3\">https:\/\/ipaliancadf.org\/mensagens\/Josu\u00e9%206%20-%20A%20promessa%20de%20f\u00e9.mp3<\/a><\/audio><\/div><a class=\"cmsmasters_sermon_media_item cmsmasters_theme_icon_sermon_download\" href=\"https:\/\/ipaliancadf.org\/mensagens\/Josu\u00e9%206%20-%20A%20promessa%20de%20f\u00e9.mp3\" download><\/a><a target=\"_blank\" class=\"cmsmasters_sermon_media_item cmsmasters_theme_icon_sermon_pdf\" href=\"https:\/\/ipaliancadf.org\/mensagens\/Josu\u00e9%206%20-%20A%20promessa%20de%20f\u00e9.pdf\"><\/a><\/div><h3 class=\"cmsmasters_sermon_title entry-title\"><a href=\"https:\/\/ipaliancadf.org\/index.php\/sermon\/a-promessa-de-fe\/\">A promessa de F\u00e9 &#8211; Josu\u00e9 6<\/a><\/h3>\n<div class=\"cmsmasters_sermon_author\">\nPregador: <a href=\"https:\/\/ipaliancadf.org\/index.php\/author\/ipali249\/\" title=\"Speaker Rev. Dilsilei Monteiro\" class=\"vcard author\"><span class=\"fn\" rel=\"author\">Rev. Dilsilei Monteiro<\/span><\/a><\/div>\n<abbr class=\"cmsmasters_sermon_date\" title=\"2 de janeiro de 2022\">2 de janeiro de 2022<\/abbr>\n<div class=\"cmsmasters_sermon_content entry-content\"><p>Serm\u00e3o exposto no Culto Matutino da IP Alian\u00e7a em 02\/01\/2022.<\/p>\n<\/div>\n<\/article>\n\n<!--_________________________ Finish Sermon _________________________ -->\n<!--_________________________ Start Sermon _________________________ -->\n\n<article id=\"post-14798\" class=\"cmsmasters_sermon one_third post-14798 sermon type-sermon status-publish has-post-thumbnail hentry srm-categs-o-que-voce-esta-esperando\">\n<figure class=\"cmsmasters_img_rollover_wrap preloader\"><img loading=\"lazy\" decoding=\"async\" width=\"580\" height=\"420\" src=\"https:\/\/ipaliancadf.org\/wp-content\/uploads\/2016\/05\/O-que-voce-esta-esperando-580x420.png\" class=\"full-width wp-post-image\" alt=\"A verdadeira alegria do natal &#8211; Mt 1:18-25\" title=\"O que voc\u00ea est\u00e1 esperando\" \/><a href=\"https:\/\/ipaliancadf.org\/index.php\/sermon\/averdadeira-alegria-natal\/\" title=\"A verdadeira alegria do natal &#8211; Mt 1:18-25\" class=\"cmsmasters_open_link\"><\/a><\/figure><div class=\"cmsmasters_sermon_media\"><a class=\"cmsmasters_sermon_media_item cmsmasters_theme_icon_sermon_video\" href=\"\/\/youtube.com\/embed\/JVNXcFp_za8\" rel=\"ilightbox[69f28f53a2979]\"><\/a><a href=\"#\" class=\"cmsmasters_sermon_media_item cmsmasters_sermon_audio cmsmasters_theme_icon_sermon_audio\"><\/a><div class=\"cmsmasters_sermon_audio_content\"><audio class=\"wp-audio-shortcode\" id=\"audio-14798-5\" preload=\"none\" style=\"width: 100%;\" controls=\"controls\"><source type=\"audio\/mpeg\" src=\"https:\/\/ipaliancadf.org\/mensagens\/Mateus%201.18-25.mp3?_=5\" \/><a href=\"https:\/\/ipaliancadf.org\/mensagens\/Mateus%201.18-25.mp3\">https:\/\/ipaliancadf.org\/mensagens\/Mateus%201.18-25.mp3<\/a><\/audio><\/div><a class=\"cmsmasters_sermon_media_item cmsmasters_theme_icon_sermon_download\" href=\"https:\/\/ipaliancadf.org\/mensagens\/Mateus%201.18-25.mp3\" download><\/a><a target=\"_blank\" class=\"cmsmasters_sermon_media_item cmsmasters_theme_icon_sermon_pdf\" href=\"https:\/\/ipaliancadf.org\/mensagens\/Mateus%201.18-25.pdf\"><\/a><\/div><h3 class=\"cmsmasters_sermon_title entry-title\"><a href=\"https:\/\/ipaliancadf.org\/index.php\/sermon\/averdadeira-alegria-natal\/\">A verdadeira alegria do natal &#8211; Mt 1:18-25<\/a><\/h3>\n<div class=\"cmsmasters_sermon_author\">\nPregador: <a href=\"https:\/\/ipaliancadf.org\/index.php\/author\/ipali249\/\" title=\"Speaker Rev. Dilsilei Monteiro\" class=\"vcard author\"><span class=\"fn\" rel=\"author\">Rev. Dilsilei Monteiro<\/span><\/a><\/div>\n<abbr class=\"cmsmasters_sermon_date\" title=\"26 de dezembro de 2021\">26 de dezembro de 2021<\/abbr>\n<div class=\"cmsmasters_sermon_content entry-content\"><p>Exposi\u00e7\u00e3o feita no Culto da Noite de 26\/12\/2021 da Igreja Presbiteriana Alian\u00e7a de Bras\u00edlia\/DF. <\/p>\n<\/div>\n<\/article>\n\n<!--_________________________ Finish Sermon _________________________ -->\n<!--_________________________ Start Sermon _________________________ -->\n\n<article id=\"post-1261\" class=\"cmsmasters_sermon one_third post-1261 sermon type-sermon status-publish has-post-thumbnail hentry srm-categs-josue\">\n<figure class=\"cmsmasters_img_rollover_wrap preloader\"><img loading=\"lazy\" decoding=\"async\" width=\"580\" height=\"420\" src=\"https:\/\/ipaliancadf.org\/wp-content\/uploads\/2017\/03\/03-860x500-copiar-2-580x420.jpg\" class=\"full-width wp-post-image\" alt=\"Santificando o povo &#8211; Josu\u00e9 5\" title=\"03-860x500 copiar 2\" \/><a href=\"https:\/\/ipaliancadf.org\/index.php\/sermon\/difficulty-requires-the-prayer-of-persistent-patience\/\" title=\"Santificando o povo &#8211; Josu\u00e9 5\" class=\"cmsmasters_open_link\"><\/a><\/figure><div class=\"cmsmasters_sermon_media\"><a class=\"cmsmasters_sermon_media_item cmsmasters_theme_icon_sermon_video\" href=\"\/\/youtube.com\/embed\/A1uFIWnnoy8\" rel=\"ilightbox[69f28f53a2c3a]\"><\/a><a href=\"#\" class=\"cmsmasters_sermon_media_item cmsmasters_sermon_audio cmsmasters_theme_icon_sermon_audio\"><\/a><div class=\"cmsmasters_sermon_audio_content\"><audio class=\"wp-audio-shortcode\" id=\"audio-1261-6\" preload=\"none\" style=\"width: 100%;\" controls=\"controls\"><source type=\"audio\/mpeg\" src=\"https:\/\/ipaliancadf.org\/mensagens\/Josu\u00e9%205.mp3?_=6\" \/><a href=\"https:\/\/ipaliancadf.org\/mensagens\/Josu\u00e9%205.mp3\">https:\/\/ipaliancadf.org\/mensagens\/Josu\u00e9%205.mp3<\/a><\/audio><\/div><a class=\"cmsmasters_sermon_media_item cmsmasters_theme_icon_sermon_download\" href=\"https:\/\/ipaliancadf.org\/mensagens\/Josu\u00e9%205.mp3\" download><\/a><a target=\"_blank\" class=\"cmsmasters_sermon_media_item cmsmasters_theme_icon_sermon_pdf\" href=\"https:\/\/ipaliancadf.org\/mensagens\/Josu\u00e9%205.pdf\"><\/a><\/div><h3 class=\"cmsmasters_sermon_title entry-title\"><a href=\"https:\/\/ipaliancadf.org\/index.php\/sermon\/difficulty-requires-the-prayer-of-persistent-patience\/\">Santificando o povo &#8211; Josu\u00e9 5<\/a><\/h3>\n<div class=\"cmsmasters_sermon_author\">\nPregador: <a href=\"https:\/\/ipaliancadf.org\/index.php\/author\/ipali249\/\" title=\"Speaker Presb. Lu\u00eds Oliveira\" class=\"vcard author\"><span class=\"fn\" rel=\"author\">Presb. Lu\u00eds Oliveira<\/span><\/a><\/div>\n<abbr class=\"cmsmasters_sermon_date\" title=\"26 de dezembro de 2021\">26 de dezembro de 2021<\/abbr>\n<div class=\"cmsmasters_sermon_content entry-content\"><p>Exposi\u00e7\u00e3o feita no Culto Matutino de 26\/12\/2021 da Igreja Presbiteriana Alian\u00e7a de Bras\u00edlia\/DF.<\/p>\n<\/div>\n<\/article>\n\n<!--_________________________ Finish Sermon _________________________ -->\n<!--_________________________ Start Sermon _________________________ -->\n\n<article id=\"post-1270\" class=\"cmsmasters_sermon one_third post-1270 sermon type-sermon status-publish has-post-thumbnail hentry srm-categs-hebreus\">\n<figure class=\"cmsmasters_img_rollover_wrap preloader\"><img loading=\"lazy\" decoding=\"async\" width=\"580\" height=\"420\" src=\"https:\/\/ipaliancadf.org\/wp-content\/uploads\/2017\/03\/03-860x500-copiar-580x420.jpg\" class=\"full-width wp-post-image\" alt=\"Um descanso melhor (2) &#8211; Hebreus 4.1-11\" title=\"03-860x500 copiar\" \/><a href=\"https:\/\/ipaliancadf.org\/index.php\/sermon\/um-descanso-melhor-2\/\" title=\"Um descanso melhor (2) &#8211; Hebreus 4.1-11\" class=\"cmsmasters_open_link\"><\/a><\/figure><div class=\"cmsmasters_sermon_media\"><a class=\"cmsmasters_sermon_media_item cmsmasters_theme_icon_sermon_video\" href=\"\/\/youtube.com\/embed\/lkSrOplUwSA\" rel=\"ilightbox[69f28f53a2f00]\"><\/a><a href=\"#\" class=\"cmsmasters_sermon_media_item cmsmasters_sermon_audio cmsmasters_theme_icon_sermon_audio\"><\/a><div class=\"cmsmasters_sermon_audio_content\"><audio class=\"wp-audio-shortcode\" id=\"audio-1270-7\" preload=\"none\" style=\"width: 100%;\" controls=\"controls\"><source type=\"audio\/mpeg\" src=\"https:\/\/ipaliancadf.org\/mensagens\/Hebreus%204.1-11.mp3?_=7\" \/><a href=\"https:\/\/ipaliancadf.org\/mensagens\/Hebreus%204.1-11.mp3\">https:\/\/ipaliancadf.org\/mensagens\/Hebreus%204.1-11.mp3<\/a><\/audio><\/div><a class=\"cmsmasters_sermon_media_item cmsmasters_theme_icon_sermon_download\" href=\"https:\/\/ipaliancadf.org\/mensagens\/Hebreus%204.1-11.mp3\" download><\/a><a target=\"_blank\" class=\"cmsmasters_sermon_media_item cmsmasters_theme_icon_sermon_pdf\" href=\"https:\/\/ipaliancadf.org\/mensagens\/Hebreus%204.1-11.pdf\"><\/a><\/div><h3 class=\"cmsmasters_sermon_title entry-title\"><a href=\"https:\/\/ipaliancadf.org\/index.php\/sermon\/um-descanso-melhor-2\/\">Um descanso melhor (2) &#8211; Hebreus 4.1-11<\/a><\/h3>\n<div class=\"cmsmasters_sermon_author\">\nPregador: <a href=\"https:\/\/ipaliancadf.org\/index.php\/author\/ipali249\/\" title=\"Speaker Rev. Dilsilei Monteiro\" class=\"vcard author\"><span class=\"fn\" rel=\"author\">Rev. Dilsilei Monteiro<\/span><\/a><\/div>\n<abbr class=\"cmsmasters_sermon_date\" title=\"19 de dezembro de 2021\">19 de dezembro de 2021<\/abbr>\n<div class=\"cmsmasters_sermon_content entry-content\"><p>Exposi\u00e7\u00e3o feita no Culto Noturno de 19\/12\/2021 da Igreja Presbiteriana Alian\u00e7a de Bras\u00edlia\/DF.<\/p>\n<\/div>\n<\/article>\n\n<!--_________________________ Finish Sermon _________________________ -->\n<!--_________________________ Start Sermon _________________________ -->\n\n<article id=\"post-14497\" class=\"cmsmasters_sermon one_third post-14497 sermon type-sermon status-publish has-post-thumbnail hentry srm-categs-o-que-voce-esta-esperando\">\n<figure class=\"cmsmasters_img_rollover_wrap preloader\"><img loading=\"lazy\" decoding=\"async\" width=\"580\" height=\"420\" src=\"https:\/\/ipaliancadf.org\/wp-content\/uploads\/2016\/05\/O-que-voce-esta-esperando-580x420.png\" class=\"full-width wp-post-image\" alt=\"Ter uma Casa &#8211; Isa\u00edas 11\" title=\"O que voc\u00ea est\u00e1 esperando\" \/><a href=\"https:\/\/ipaliancadf.org\/index.php\/sermon\/a-significant-challenge-in-sharing-jesus-2\/\" title=\"Ter uma Casa &#8211; Isa\u00edas 11\" class=\"cmsmasters_open_link\"><\/a><\/figure><div class=\"cmsmasters_sermon_media\"><a class=\"cmsmasters_sermon_media_item cmsmasters_theme_icon_sermon_video\" href=\"\/\/youtube.com\/embed\/gbo6menfiBM\" rel=\"ilightbox[69f28f53a31d5]\"><\/a><a href=\"#\" class=\"cmsmasters_sermon_media_item cmsmasters_sermon_audio cmsmasters_theme_icon_sermon_audio\"><\/a><div class=\"cmsmasters_sermon_audio_content\"><audio class=\"wp-audio-shortcode\" id=\"audio-14497-8\" preload=\"none\" style=\"width: 100%;\" controls=\"controls\"><source type=\"audio\/mpeg\" src=\"https:\/\/ipaliancadf.org\/mensagens\/Ter%20uma%20Casa%20-%20Isa\u00edas%2011.mp3?_=8\" \/><a href=\"https:\/\/ipaliancadf.org\/mensagens\/Ter%20uma%20Casa%20-%20Isa\u00edas%2011.mp3\">https:\/\/ipaliancadf.org\/mensagens\/Ter%20uma%20Casa%20-%20Isa\u00edas%2011.mp3<\/a><\/audio><\/div><a class=\"cmsmasters_sermon_media_item cmsmasters_theme_icon_sermon_download\" href=\"https:\/\/ipaliancadf.org\/mensagens\/Ter%20uma%20Casa%20-%20Isa\u00edas%2011.mp3\" download><\/a><a target=\"_blank\" class=\"cmsmasters_sermon_media_item cmsmasters_theme_icon_sermon_pdf\" href=\"https:\/\/ipaliancadf.org\/mensagens\/Ter%20uma%20Casa%20-%20Isa\u00edas%2011.pdf\"><\/a><\/div><h3 class=\"cmsmasters_sermon_title entry-title\"><a href=\"https:\/\/ipaliancadf.org\/index.php\/sermon\/a-significant-challenge-in-sharing-jesus-2\/\">Ter uma Casa &#8211; Isa\u00edas 11<\/a><\/h3>\n<div class=\"cmsmasters_sermon_author\">\nPregador: <a href=\"https:\/\/ipaliancadf.org\/index.php\/author\/ipali249\/\" title=\"Speaker Rev. Dilsilei Monteiro\" class=\"vcard author\"><span class=\"fn\" rel=\"author\">Rev. Dilsilei Monteiro<\/span><\/a><\/div>\n<abbr class=\"cmsmasters_sermon_date\" title=\"19 de dezembro de 2021\">19 de dezembro de 2021<\/abbr>\n<div class=\"cmsmasters_sermon_content entry-content\"><p>Exposi\u00e7\u00e3o feita no Culto Matutino de 19\/12\/2021 da Igreja Presbiteriana Alian\u00e7a de Bras\u00edlia\/DF.<\/p>\n<\/div>\n<\/article>\n\n<!--_________________________ Finish Sermon _________________________ -->\n<!--_________________________ Start Sermon _________________________ -->\n\n<article id=\"post-14498\" class=\"cmsmasters_sermon one_third post-14498 sermon type-sermon status-publish has-post-thumbnail hentry srm-categs-hebreus\">\n<figure class=\"cmsmasters_img_rollover_wrap preloader\"><img loading=\"lazy\" decoding=\"async\" width=\"580\" height=\"420\" src=\"https:\/\/ipaliancadf.org\/wp-content\/uploads\/2017\/03\/03-860x500-copiar-580x420.jpg\" class=\"full-width wp-post-image\" alt=\"Um descanso melhor (1) &#8211; Hebreus 3.7-19\" title=\"03-860x500 copiar\" \/><a href=\"https:\/\/ipaliancadf.org\/index.php\/sermon\/um-descanso-melhor-1\/\" title=\"Um descanso melhor (1) &#8211; Hebreus 3.7-19\" class=\"cmsmasters_open_link\"><\/a><\/figure><div class=\"cmsmasters_sermon_media\"><a class=\"cmsmasters_sermon_media_item cmsmasters_theme_icon_sermon_video\" href=\"\/\/youtube.com\/embed\/HPjwgjsN0_A\" rel=\"ilightbox[69f28f53a34a0]\"><\/a><a href=\"#\" class=\"cmsmasters_sermon_media_item cmsmasters_sermon_audio cmsmasters_theme_icon_sermon_audio\"><\/a><div class=\"cmsmasters_sermon_audio_content\"><audio class=\"wp-audio-shortcode\" id=\"audio-14498-9\" preload=\"none\" style=\"width: 100%;\" controls=\"controls\"><source type=\"audio\/mpeg\" src=\"https:\/\/ipaliancadf.org\/mensagens\/Hebreus%203.7-19.mp3?_=9\" \/><a href=\"https:\/\/ipaliancadf.org\/mensagens\/Hebreus%203.7-19.mp3\">https:\/\/ipaliancadf.org\/mensagens\/Hebreus%203.7-19.mp3<\/a><\/audio><\/div><a class=\"cmsmasters_sermon_media_item cmsmasters_theme_icon_sermon_download\" href=\"https:\/\/ipaliancadf.org\/mensagens\/Hebreus%203.7-19.pdf\" download><\/a><a target=\"_blank\" class=\"cmsmasters_sermon_media_item cmsmasters_theme_icon_sermon_pdf\" href=\"https:\/\/ipaliancadf.org\/mensagens\/Hebreus%203.7-19.pdf\"><\/a><\/div><h3 class=\"cmsmasters_sermon_title entry-title\"><a href=\"https:\/\/ipaliancadf.org\/index.php\/sermon\/um-descanso-melhor-1\/\">Um descanso melhor (1) &#8211; Hebreus 3.7-19<\/a><\/h3>\n<div class=\"cmsmasters_sermon_author\">\nPregador: <a href=\"https:\/\/ipaliancadf.org\/index.php\/author\/ipali249\/\" title=\"Speaker Rev. Dilsilei Monteiro\" class=\"vcard author\"><span class=\"fn\" rel=\"author\">Rev. Dilsilei Monteiro<\/span><\/a><\/div>\n<abbr class=\"cmsmasters_sermon_date\" title=\"12 de dezembro de 2021\">12 de dezembro de 2021<\/abbr>\n<div class=\"cmsmasters_sermon_content entry-content\"><p>Exposi\u00e7\u00e3o feita no Culto Noturno de 12\/12\/2021 da Igreja Presbiteriana Alian\u00e7a de Bras\u00edlia\/DF.<\/p>\n<\/div>\n<\/article>\n\n<!--_________________________ Finish Sermon _________________________ -->\n<!--_________________________ Start Sermon _________________________ -->\n\n<article id=\"post-14499\" class=\"cmsmasters_sermon one_third post-14499 sermon type-sermon status-publish has-post-thumbnail hentry srm-categs-hebreus\">\n<figure class=\"cmsmasters_img_rollover_wrap preloader\"><img loading=\"lazy\" decoding=\"async\" width=\"580\" height=\"420\" src=\"https:\/\/ipaliancadf.org\/wp-content\/uploads\/2017\/03\/03-860x500-copiar-580x420.jpg\" class=\"full-width wp-post-image\" alt=\"Um servo melhor &#8211; Hebreus 3.1-6\" title=\"03-860x500 copiar\" \/><a href=\"https:\/\/ipaliancadf.org\/index.php\/sermon\/reclaiming-your-spiritual-passion\/\" title=\"Um servo melhor &#8211; Hebreus 3.1-6\" class=\"cmsmasters_open_link\"><\/a><\/figure><div class=\"cmsmasters_sermon_media\"><a class=\"cmsmasters_sermon_media_item cmsmasters_theme_icon_sermon_video\" href=\"\/\/youtube.com\/embed\/xraiJ_XP5TU\" rel=\"ilightbox[69f28f53a3744]\"><\/a><a href=\"#\" class=\"cmsmasters_sermon_media_item cmsmasters_sermon_audio cmsmasters_theme_icon_sermon_audio\"><\/a><div class=\"cmsmasters_sermon_audio_content\"><audio class=\"wp-audio-shortcode\" id=\"audio-14499-10\" preload=\"none\" style=\"width: 100%;\" controls=\"controls\"><source type=\"audio\/mpeg\" src=\"https:\/\/ipaliancadf.org\/mensagens\/Hebreus%203.1-6.mp3?_=10\" \/><a href=\"https:\/\/ipaliancadf.org\/mensagens\/Hebreus%203.1-6.mp3\">https:\/\/ipaliancadf.org\/mensagens\/Hebreus%203.1-6.mp3<\/a><\/audio><\/div><a class=\"cmsmasters_sermon_media_item cmsmasters_theme_icon_sermon_download\" href=\"https:\/\/ipaliancadf.org\/mensagens\/Hebreus%203.1-6.mp3\" download><\/a><a target=\"_blank\" class=\"cmsmasters_sermon_media_item cmsmasters_theme_icon_sermon_pdf\" href=\"https:\/\/ipaliancadf.org\/mensagens\/Hebreus%203.1-6.pdf\"><\/a><\/div><h3 class=\"cmsmasters_sermon_title entry-title\"><a href=\"https:\/\/ipaliancadf.org\/index.php\/sermon\/reclaiming-your-spiritual-passion\/\">Um servo melhor &#8211; Hebreus 3.1-6<\/a><\/h3>\n<div class=\"cmsmasters_sermon_author\">\nPregador: <a href=\"https:\/\/ipaliancadf.org\/index.php\/author\/ipali249\/\" title=\"Speaker Rev. Dilsilei Monteiro\" class=\"vcard author\"><span class=\"fn\" rel=\"author\">Rev. Dilsilei Monteiro<\/span><\/a><\/div>\n<abbr class=\"cmsmasters_sermon_date\" title=\"5 de dezembro de 2021\">5 de dezembro de 2021<\/abbr>\n<div class=\"cmsmasters_sermon_content entry-content\"><p>Exposi\u00e7\u00e3o feita no Culto Noturno de 05\/12\/2021 da Igreja Presbiteriana Alian\u00e7a de Bras\u00edlia\/DF.<\/p>\n<\/div>\n<\/article>\n\n<!--_________________________ Finish Sermon _________________________ -->\n<!--_________________________ Start Sermon _________________________ -->\n\n<article id=\"post-14501\" class=\"cmsmasters_sermon one_third post-14501 sermon type-sermon status-publish has-post-thumbnail hentry srm-categs-josue\">\n<figure class=\"cmsmasters_img_rollover_wrap preloader\"><img loading=\"lazy\" decoding=\"async\" width=\"580\" height=\"420\" src=\"https:\/\/ipaliancadf.org\/wp-content\/uploads\/2017\/03\/03-860x500-copiar-2-580x420.jpg\" class=\"full-width wp-post-image\" alt=\"Ajudando-nos a lembrar &#8211; Josu\u00e9 4\" title=\"03-860x500 copiar 2\" \/><a href=\"https:\/\/ipaliancadf.org\/index.php\/sermon\/who-can-you-blame-if-you-are-lost-2\/\" title=\"Ajudando-nos a lembrar &#8211; Josu\u00e9 4\" class=\"cmsmasters_open_link\"><\/a><\/figure><div class=\"cmsmasters_sermon_media\"><a class=\"cmsmasters_sermon_media_item cmsmasters_theme_icon_sermon_video\" href=\"\/\/youtube.com\/embed\/8LRW_5W6SLM\" rel=\"ilightbox[69f28f53a39fa]\"><\/a><a href=\"#\" class=\"cmsmasters_sermon_media_item cmsmasters_sermon_audio cmsmasters_theme_icon_sermon_audio\"><\/a><div class=\"cmsmasters_sermon_audio_content\"><audio class=\"wp-audio-shortcode\" id=\"audio-14501-11\" preload=\"none\" style=\"width: 100%;\" controls=\"controls\"><source type=\"audio\/mpeg\" src=\"https:\/\/ipaliancadf.org\/mensagens\/Josu\u00e9%204.mp3?_=11\" \/><a href=\"https:\/\/ipaliancadf.org\/mensagens\/Josu\u00e9%204.mp3\">https:\/\/ipaliancadf.org\/mensagens\/Josu\u00e9%204.mp3<\/a><\/audio><\/div><a class=\"cmsmasters_sermon_media_item cmsmasters_theme_icon_sermon_download\" href=\"https:\/\/ipaliancadf.org\/mensagens\/Josu\u00e9%204.pdf\" download><\/a><a target=\"_blank\" class=\"cmsmasters_sermon_media_item cmsmasters_theme_icon_sermon_pdf\" href=\"https:\/\/ipaliancadf.org\/mensagens\/Josu\u00e9%204.pdf\"><\/a><\/div><h3 class=\"cmsmasters_sermon_title entry-title\"><a href=\"https:\/\/ipaliancadf.org\/index.php\/sermon\/who-can-you-blame-if-you-are-lost-2\/\">Ajudando-nos a lembrar &#8211; Josu\u00e9 4<\/a><\/h3>\n<div class=\"cmsmasters_sermon_author\">\nPregador: <a href=\"https:\/\/ipaliancadf.org\/index.php\/author\/ipali249\/\" title=\"Speaker Rev. Dilsilei Monteiro\" class=\"vcard author\"><span class=\"fn\" rel=\"author\">Rev. Dilsilei Monteiro<\/span><\/a><\/div>\n<abbr class=\"cmsmasters_sermon_date\" title=\"28 de novembro de 2021\">28 de novembro de 2021<\/abbr>\n<div class=\"cmsmasters_sermon_content entry-content\"><p>Exposi\u00e7\u00e3o feita no Culto Matutino de 28\/11\/2021 da Igreja Presbiteriana Alian\u00e7a de Bras\u00edlia\/DF.<\/p>\n<\/div>\n<\/article>\n\n<!--_________________________ Finish Sermon _________________________ -->\n<!--_________________________ Start Sermon _________________________ -->\n\n<article id=\"post-12834\" class=\"cmsmasters_sermon one_third post-12834 sermon type-sermon status-publish has-post-thumbnail hentry srm-categs-hebreus\">\n<figure class=\"cmsmasters_img_rollover_wrap preloader\"><img loading=\"lazy\" decoding=\"async\" width=\"580\" height=\"420\" src=\"https:\/\/ipaliancadf.org\/wp-content\/uploads\/2017\/03\/03-860x500-copiar-580x420.jpg\" class=\"full-width wp-post-image\" alt=\"O melhor Destino &#8211; Hebreus 2.5-9\" title=\"03-860x500 copiar\" \/><a href=\"https:\/\/ipaliancadf.org\/index.php\/sermon\/melhor-destino\/\" title=\"O melhor Destino &#8211; Hebreus 2.5-9\" class=\"cmsmasters_open_link\"><\/a><\/figure><div class=\"cmsmasters_sermon_media\"><a class=\"cmsmasters_sermon_media_item cmsmasters_theme_icon_sermon_video\" href=\"\/\/youtube.com\/embed\/5GkeqV3a9X0\" rel=\"ilightbox[69f28f53a3cca]\"><\/a><a href=\"#\" class=\"cmsmasters_sermon_media_item cmsmasters_sermon_audio cmsmasters_theme_icon_sermon_audio\"><\/a><div class=\"cmsmasters_sermon_audio_content\"><audio class=\"wp-audio-shortcode\" id=\"audio-12834-12\" preload=\"none\" style=\"width: 100%;\" controls=\"controls\"><source type=\"audio\/mpeg\" src=\"https:\/\/ipaliancadf.org\/mensagens\/Hebreus%202.5-9.mp3?_=12\" \/><a href=\"https:\/\/ipaliancadf.org\/mensagens\/Hebreus%202.5-9.mp3\">https:\/\/ipaliancadf.org\/mensagens\/Hebreus%202.5-9.mp3<\/a><\/audio><\/div><a class=\"cmsmasters_sermon_media_item cmsmasters_theme_icon_sermon_download\" href=\"http:\/\/salvation-church.cmsmasters.net\/wp-content\/uploads\/2017\/09\/pdfchurch.pdf\" download><\/a><a target=\"_blank\" class=\"cmsmasters_sermon_media_item cmsmasters_theme_icon_sermon_pdf\" href=\"https:\/\/ipaliancadf.org\/mensagens\/Hebreus%202.5-9.pdf\"><\/a><\/div><h3 class=\"cmsmasters_sermon_title entry-title\"><a href=\"https:\/\/ipaliancadf.org\/index.php\/sermon\/melhor-destino\/\">O melhor Destino &#8211; Hebreus 2.5-9<\/a><\/h3>\n<div class=\"cmsmasters_sermon_author\">\nPregador: <a href=\"https:\/\/ipaliancadf.org\/index.php\/author\/ipali249\/\" title=\"Speaker Rev. Dilsilei Monteiro\" class=\"vcard author\"><span class=\"fn\" rel=\"author\">Rev. Dilsilei Monteiro<\/span><\/a><\/div>\n<abbr class=\"cmsmasters_sermon_date\" title=\"7 de novembro de 2021\">7 de novembro de 2021<\/abbr>\n<div class=\"cmsmasters_sermon_content entry-content\"><p>Exposi\u00e7\u00e3o feita no Culto Noturno de 07\/11\/2021 da Igreja Presbiteriana Alian\u00e7a de Bras\u00edlia\/DF. <\/p>\n<\/div>\n<\/article>\n\n<!--_________________________ Finish Sermon _________________________ -->\n<!--_________________________ Start Sermon _________________________ -->\n\n<article id=\"post-12843\" class=\"cmsmasters_sermon one_third post-12843 sermon type-sermon status-publish has-post-thumbnail hentry srm-categs-josue srm-tags-josue\">\n<figure class=\"cmsmasters_img_rollover_wrap preloader\"><img loading=\"lazy\" decoding=\"async\" width=\"580\" height=\"420\" src=\"https:\/\/ipaliancadf.org\/wp-content\/uploads\/2017\/03\/03-860x500-copiar-2-580x420.jpg\" class=\"full-width wp-post-image\" alt=\"Abra\u00e7ando dificuldades &#8211; Josu\u00e9 1.10-18\" title=\"03-860x500 copiar 2\" \/><a href=\"https:\/\/ipaliancadf.org\/index.php\/sermon\/who-can-you-blame-if-you-are-lost\/\" title=\"Abra\u00e7ando dificuldades &#8211; Josu\u00e9 1.10-18\" class=\"cmsmasters_open_link\"><\/a><\/figure><div class=\"cmsmasters_sermon_media\"><a class=\"cmsmasters_sermon_media_item cmsmasters_theme_icon_sermon_video\" href=\"\/\/youtube.com\/embed\/8LRW_5W6SLM\" rel=\"ilightbox[69f28f53a3fa6]\"><\/a><a href=\"#\" class=\"cmsmasters_sermon_media_item cmsmasters_sermon_audio cmsmasters_theme_icon_sermon_audio\"><\/a><div class=\"cmsmasters_sermon_audio_content\"><audio class=\"wp-audio-shortcode\" id=\"audio-12843-13\" preload=\"none\" style=\"width: 100%;\" controls=\"controls\"><source type=\"audio\/mpeg\" src=\"https:\/\/ipaliancadf.org\/mensagens\/Josu\u00e9%201.10-18.mp3?_=13\" \/><a href=\"https:\/\/ipaliancadf.org\/mensagens\/Josu\u00e9%201.10-18.mp3\">https:\/\/ipaliancadf.org\/mensagens\/Josu\u00e9%201.10-18.mp3<\/a><\/audio><\/div><a class=\"cmsmasters_sermon_media_item cmsmasters_theme_icon_sermon_download\" href=\"https:\/\/ipaliancadf.org\/mensagens\/Josu\u00e9%201.10-18.mp3\" download><\/a><a target=\"_blank\" class=\"cmsmasters_sermon_media_item cmsmasters_theme_icon_sermon_pdf\" href=\"https:\/\/ipaliancadf.org\/mensagens\/Josu\u00e9%201.10-18.pdf\"><\/a><\/div><h3 class=\"cmsmasters_sermon_title entry-title\"><a href=\"https:\/\/ipaliancadf.org\/index.php\/sermon\/who-can-you-blame-if-you-are-lost\/\">Abra\u00e7ando dificuldades &#8211; Josu\u00e9 1.10-18<\/a><\/h3>\n<div class=\"cmsmasters_sermon_author\">\nPregador: <a href=\"https:\/\/ipaliancadf.org\/index.php\/author\/ipali249\/\" title=\"Speaker Rev. Dilsilei Monteiro\" class=\"vcard author\"><span class=\"fn\" rel=\"author\">Rev. Dilsilei Monteiro<\/span><\/a><\/div>\n<abbr class=\"cmsmasters_sermon_date\" title=\"7 de novembro de 2021\">7 de novembro de 2021<\/abbr>\n<div class=\"cmsmasters_sermon_content entry-content\"><p>Exposi\u00e7\u00e3o feita no Culto Matutino de 07\/11\/2021 da Igreja Presbiteriana Alian\u00e7a de Bras\u00edlia\/DF. <\/p>\n<\/div>\n<\/article>\n\n<!--_________________________ Finish Sermon _________________________ -->\n<!--_________________________ Start Sermon _________________________ -->\n\n<article id=\"post-1263\" class=\"cmsmasters_sermon one_third post-1263 sermon type-sermon status-publish has-post-thumbnail hentry srm-categs-reforma-protestante\">\n<figure class=\"cmsmasters_img_rollover_wrap preloader\"><img loading=\"lazy\" decoding=\"async\" width=\"580\" height=\"420\" src=\"https:\/\/ipaliancadf.org\/wp-content\/uploads\/2016\/05\/03-860x500-copiar22-580x420.jpg\" class=\"full-width wp-post-image\" alt=\"Solus Christus &#8211; Cl 1.15-20\" title=\"03-860x500 copiar22\" \/><a href=\"https:\/\/ipaliancadf.org\/index.php\/sermon\/a-significant-challenge-in-sharing-jesus\/\" title=\"Solus Christus &#8211; Cl 1.15-20\" class=\"cmsmasters_open_link\"><\/a><\/figure><div class=\"cmsmasters_sermon_media\"><a class=\"cmsmasters_sermon_media_item cmsmasters_theme_icon_sermon_video\" href=\"\/\/youtube.com\/embed\/AM6_TcIJjA8\" rel=\"ilightbox[69f28f53a441c]\"><\/a><a href=\"#\" class=\"cmsmasters_sermon_media_item cmsmasters_sermon_audio cmsmasters_theme_icon_sermon_audio\"><\/a><div class=\"cmsmasters_sermon_audio_content\"><audio class=\"wp-audio-shortcode\" id=\"audio-1263-14\" preload=\"none\" style=\"width: 100%;\" controls=\"controls\"><source type=\"audio\/mpeg\" src=\"https:\/\/ipaliancadf.org\/mensagens\/Solus%20Christus.mp3?_=14\" \/><a href=\"https:\/\/ipaliancadf.org\/mensagens\/Solus%20Christus.mp3\">https:\/\/ipaliancadf.org\/mensagens\/Solus%20Christus.mp3<\/a><\/audio><\/div><a class=\"cmsmasters_sermon_media_item cmsmasters_theme_icon_sermon_download\" href=\"https:\/\/ipaliancadf.org\/mensagens\/Solus%20Christus.mp3\" download><\/a><a target=\"_blank\" class=\"cmsmasters_sermon_media_item cmsmasters_theme_icon_sermon_pdf\" href=\"http:\/\/pdfchurch.pdf\"><\/a><\/div><h3 class=\"cmsmasters_sermon_title entry-title\"><a href=\"https:\/\/ipaliancadf.org\/index.php\/sermon\/a-significant-challenge-in-sharing-jesus\/\">Solus Christus &#8211; Cl 1.15-20<\/a><\/h3>\n<div class=\"cmsmasters_sermon_author\">\nPregador: <a href=\"https:\/\/ipaliancadf.org\/index.php\/author\/ipali249\/\" title=\"Speaker ipali249\" class=\"vcard author\"><span class=\"fn\" rel=\"author\">ipali249<\/span><\/a><\/div>\n<abbr class=\"cmsmasters_sermon_date\" title=\"31 de outubro de 2021\">31 de outubro de 2021<\/abbr>\n<div class=\"cmsmasters_sermon_content entry-content\"><p>Serm\u00e3o pregado no Culto da Noite de 31\/10\/2021 da Igreja Presbiteriana Alian\u00e7a de Bras\u00edlia\/DF, por ocasi\u00e3o da Celebra\u00e7\u00e3o dos 504 anos da Reforma Protestante. <\/p>\n<\/div>\n<\/article>\n\n<!--_________________________ Finish Sermon _________________________ -->\n<!--_________________________ Start Sermon _________________________ -->\n\n<article id=\"post-1274\" class=\"cmsmasters_sermon one_third post-1274 sermon type-sermon status-publish has-post-thumbnail hentry srm-categs-hebreus\">\n<figure class=\"cmsmasters_img_rollover_wrap preloader\"><img loading=\"lazy\" decoding=\"async\" width=\"580\" height=\"420\" src=\"https:\/\/ipaliancadf.org\/wp-content\/uploads\/2017\/03\/03-860x500-copiar-580x420.jpg\" class=\"full-width wp-post-image\" alt=\"A melhor aten\u00e7\u00e3o &#8211; Hebreus 2.1-4\" title=\"03-860x500 copiar\" \/><a href=\"https:\/\/ipaliancadf.org\/index.php\/sermon\/melhor-atencao\/\" title=\"A melhor aten\u00e7\u00e3o &#8211; Hebreus 2.1-4\" class=\"cmsmasters_open_link\"><\/a><\/figure><div class=\"cmsmasters_sermon_media\"><a class=\"cmsmasters_sermon_media_item cmsmasters_theme_icon_sermon_video\" href=\"\/\/youtube.com\/embed\/IA3gMqixEg8\" rel=\"ilightbox[69f28f53a46e8]\"><\/a><a href=\"#\" class=\"cmsmasters_sermon_media_item cmsmasters_sermon_audio cmsmasters_theme_icon_sermon_audio\"><\/a><div class=\"cmsmasters_sermon_audio_content\"><audio class=\"wp-audio-shortcode\" id=\"audio-1274-15\" preload=\"none\" style=\"width: 100%;\" controls=\"controls\"><source type=\"audio\/mpeg\" src=\"http:\/\/pdfchurch.mp3?_=15\" \/><a href=\"http:\/\/pdfchurch.mp3\">http:\/\/pdfchurch.mp3<\/a><\/audio><\/div><a class=\"cmsmasters_sermon_media_item cmsmasters_theme_icon_sermon_download\" href=\"http:\/\/pdfchurch.pdf\" download><\/a><a target=\"_blank\" class=\"cmsmasters_sermon_media_item cmsmasters_theme_icon_sermon_pdf\" href=\"http:\/\/pdfchurch.pdf\"><\/a><\/div><h3 class=\"cmsmasters_sermon_title entry-title\"><a href=\"https:\/\/ipaliancadf.org\/index.php\/sermon\/melhor-atencao\/\">A melhor aten\u00e7\u00e3o &#8211; Hebreus 2.1-4<\/a><\/h3>\n<div class=\"cmsmasters_sermon_author\">\nPregador: <a href=\"https:\/\/ipaliancadf.org\/index.php\/author\/ipali249\/\" title=\"Speaker Rev. Dilsilei Monteiro\" class=\"vcard author\"><span class=\"fn\" rel=\"author\">Rev. Dilsilei Monteiro<\/span><\/a><\/div>\n<abbr class=\"cmsmasters_sermon_date\" title=\"24 de outubro de 2021\">24 de outubro de 2021<\/abbr>\n<div class=\"cmsmasters_sermon_content entry-content\"><p>Exposi\u00e7\u00e3o feita no Culto da Noite de 24\/10\/2021 da Igreja Presbiteriana Alian\u00e7a de Bras\u00edlia\/DF. <\/p>\n<\/div>\n<\/article>\n\n<!--_________________________ Finish Sermon _________________________ -->\n<!--_________________________ Start Sermon _________________________ -->\n\n<article id=\"post-12839\" class=\"cmsmasters_sermon one_third post-12839 sermon type-sermon status-publish has-post-thumbnail hentry srm-categs-josue\">\n<figure class=\"cmsmasters_img_rollover_wrap preloader\"><img loading=\"lazy\" decoding=\"async\" width=\"580\" height=\"420\" src=\"https:\/\/ipaliancadf.org\/wp-content\/uploads\/2017\/03\/03-860x500-copiar-2-580x420.jpg\" class=\"full-width wp-post-image\" alt=\"S\u00ea forte e corajoso &#8211; Josu\u00e9 1.1-9\" title=\"03-860x500 copiar 2\" \/><a href=\"https:\/\/ipaliancadf.org\/index.php\/sermon\/the-providence-of-god-in-psalm\/\" title=\"S\u00ea forte e corajoso &#8211; Josu\u00e9 1.1-9\" class=\"cmsmasters_open_link\"><\/a><\/figure><div class=\"cmsmasters_sermon_media\"><a class=\"cmsmasters_sermon_media_item cmsmasters_theme_icon_sermon_video\" href=\"\/\/youtube.com\/embed\/SLUOjvlmUTs\" rel=\"ilightbox[69f28f53a49bc]\"><\/a><a href=\"#\" class=\"cmsmasters_sermon_media_item cmsmasters_sermon_audio cmsmasters_theme_icon_sermon_audio\"><\/a><div class=\"cmsmasters_sermon_audio_content\"><audio class=\"wp-audio-shortcode\" id=\"audio-12839-16\" preload=\"none\" style=\"width: 100%;\" controls=\"controls\"><source type=\"audio\/mpeg\" src=\"http:\/\/pdf.mp3?_=16\" \/><a href=\"http:\/\/pdf.mp3\">http:\/\/pdf.mp3<\/a><\/audio><\/div><a class=\"cmsmasters_sermon_media_item cmsmasters_theme_icon_sermon_download\" href=\"http:\/\/pdfchurch.pdf\" download><\/a><a target=\"_blank\" class=\"cmsmasters_sermon_media_item cmsmasters_theme_icon_sermon_pdf\" href=\"http:\/\/pdfchurch.pdf\"><\/a><\/div><h3 class=\"cmsmasters_sermon_title entry-title\"><a href=\"https:\/\/ipaliancadf.org\/index.php\/sermon\/the-providence-of-god-in-psalm\/\">S\u00ea forte e corajoso &#8211; Josu\u00e9 1.1-9<\/a><\/h3>\n<div class=\"cmsmasters_sermon_author\">\nPregador: <a href=\"https:\/\/ipaliancadf.org\/index.php\/author\/ipali249\/\" title=\"Speaker Rev. Dilsilei Monteiro\" class=\"vcard author\"><span class=\"fn\" rel=\"author\">Rev. Dilsilei Monteiro<\/span><\/a><\/div>\n<abbr class=\"cmsmasters_sermon_date\" title=\"24 de outubro de 2021\">24 de outubro de 2021<\/abbr>\n<div class=\"cmsmasters_sermon_content entry-content\"><p>Exposi\u00e7\u00e3o no Culto Matutino de 24\/10\/2021 da Igreja Presbiteriana Alian\u00e7a de Bras\u00edlia\/DF. <\/p>\n<\/div>\n<\/article>\n\n<!--_________________________ Finish Sermon _________________________ -->\n<!--_________________________ Start Sermon _________________________ -->\n\n<article id=\"post-14500\" class=\"cmsmasters_sermon one_third post-14500 sermon type-sermon status-publish has-post-thumbnail hentry srm-categs-o-que-voce-esta-esperando\">\n<figure class=\"cmsmasters_img_rollover_wrap preloader\"><img loading=\"lazy\" decoding=\"async\" width=\"580\" height=\"420\" src=\"https:\/\/ipaliancadf.org\/wp-content\/uploads\/2016\/05\/O-que-voce-esta-esperando-580x420.png\" class=\"full-width wp-post-image\" alt=\"Pertencer &#8211; Isa\u00edas 43\" title=\"O que voc\u00ea est\u00e1 esperando\" \/><a href=\"https:\/\/ipaliancadf.org\/index.php\/sermon\/the-providence-of-god-in-psalm-2\/\" title=\"Pertencer &#8211; Isa\u00edas 43\" class=\"cmsmasters_open_link\"><\/a><\/figure><div class=\"cmsmasters_sermon_media\"><a class=\"cmsmasters_sermon_media_item cmsmasters_theme_icon_sermon_video\" href=\"\/\/youtube.com\/embed\/7rY1OY9OrnI\" rel=\"ilightbox[69f28f53a4c94]\"><\/a><a href=\"#\" class=\"cmsmasters_sermon_media_item cmsmasters_sermon_audio cmsmasters_theme_icon_sermon_audio\"><\/a><div class=\"cmsmasters_sermon_audio_content\"><audio class=\"wp-audio-shortcode\" id=\"audio-14500-17\" preload=\"none\" style=\"width: 100%;\" controls=\"controls\"><source type=\"audio\/mpeg\" src=\"https:\/\/ipaliancadf.org\/mensagens\/Isa\u00edas%2043.mp3?_=17\" \/><a href=\"https:\/\/ipaliancadf.org\/mensagens\/Isa\u00edas%2043.mp3\">https:\/\/ipaliancadf.org\/mensagens\/Isa\u00edas%2043.mp3<\/a><\/audio><\/div><a class=\"cmsmasters_sermon_media_item cmsmasters_theme_icon_sermon_download\" href=\"https:\/\/ipaliancadf.org\/mensagens\/Isa\u00edas%2043.mp3\" download><\/a><a target=\"_blank\" class=\"cmsmasters_sermon_media_item cmsmasters_theme_icon_sermon_pdf\" href=\"https:\/\/ipaliancadf.org\/mensagens\/Isa\u00edas%2043.pdf\"><\/a><\/div><h3 class=\"cmsmasters_sermon_title entry-title\"><a href=\"https:\/\/ipaliancadf.org\/index.php\/sermon\/the-providence-of-god-in-psalm-2\/\">Pertencer &#8211; Isa\u00edas 43<\/a><\/h3>\n<div class=\"cmsmasters_sermon_author\">\nPregador: <a href=\"https:\/\/ipaliancadf.org\/index.php\/author\/ipali249\/\" title=\"Speaker ipali249\" class=\"vcard author\"><span class=\"fn\" rel=\"author\">ipali249<\/span><\/a><\/div>\n<abbr class=\"cmsmasters_sermon_date\" title=\"17 de mar\u00e7o de 2017\">17 de mar\u00e7o de 2017<\/abbr>\n<div class=\"cmsmasters_sermon_content entry-content\"><p>Exposi\u00e7\u00e3o feita no Culto Matutino de 05\/12\/2021 da Igreja Presbiteriana Alian\u00e7a de Bras\u00edlia\/DF.<\/p>\n<\/div>\n<\/article>\n\n<!--_________________________ Finish Sermon _________________________ --><\/div>\n<\/div><\/div>\n<\/div>\n<\/div>\n<\/div>\n<\/div>\n<\/div>\n<div id=\"cmsmasters_row_f3xi8ednia\" class=\"cmsmasters_row cmsmasters_color_scheme_default cmsmasters_row_top_default cmsmasters_row_bot_default cmsmasters_row_boxed\">\n<div class=\"cmsmasters_row_outer_parent\">\n<div class=\"cmsmasters_row_outer\">\n<div class=\"cmsmasters_row_inner\">\n<div class=\"cmsmasters_row_margin\">\n<div id=\"cmsmasters_column_4i7h0mfolr\" class=\"cmsmasters_column one_first\">\n<div class=\"cmsmasters_column_inner\"><div id=\"cmsmasters_heading_onqwhmsv5j\" class=\"cmsmasters_heading_wrap cmsmasters_heading_align_center\">\n\t<h3 class=\"cmsmasters_heading\">CULTOS DOMINICAIS<\/h3>\n<\/div><div id=\"cmsmasters_heading_9yeu54z6h\" class=\"cmsmasters_heading_wrap cmsmasters_heading_align_center\">\n\t<h2 class=\"cmsmasters_heading\">Prega\u00e7\u00f5es Expositivas<\/h2>\n<\/div><div id=\"cmsmasters_heading_8j5teqk1o\" class=\"cmsmasters_heading_wrap cmsmasters_heading_align_center\">\n\t<h4 class=\"cmsmasters_heading\">Cultos \u00e0s 9h00 e \u00e1s 18h00<\/h4>\n<\/div><div id=\"cmsmasters_button_k9z2pc7caq\" class=\"button_wrap\"><a href=\"http:\/\/salvation-church.cmsmasters.net\/contacts\/\" class=\"cmsmasters_button\"><span>veja mais<\/span><\/a><\/div>\n<\/div><\/div>\n<\/div>\n<\/div>\n<\/div>\n<\/div>\n<\/div>\n<div id=\"cmsmasters_row_8zpimnwdp\" class=\"cmsmasters_row cmsmasters_color_scheme_default cmsmasters_row_top_default cmsmasters_row_bot_default cmsmasters_row_boxed\">\n<div class=\"cmsmasters_row_outer_parent\">\n<div class=\"cmsmasters_row_outer\">\n<div class=\"cmsmasters_row_inner\">\n<div class=\"cmsmasters_row_margin\">\n<div id=\"cmsmasters_column_pu7d15ynbx\" class=\"cmsmasters_column one_first\">\n<div class=\"cmsmasters_column_inner\"><div id=\"cmsmasters_heading_a4as4a45n\" class=\"cmsmasters_heading_wrap cmsmasters_heading_align_center\">\n\t<h2 class=\"cmsmasters_heading\">Novas S\u00e9ries<\/h2>\n<\/div><div id=\"cmsmasters_heading_3vy0jzx7i1\" class=\"cmsmasters_heading_wrap cmsmasters_heading_align_center\">\n\t<h4 class=\"cmsmasters_heading\">Mensagens Expositivas<\/h4>\n<\/div>\n<div id=\"cmsmasters_sermons_1xtytowovo\" class=\"cmsmasters_sermons\">\n\n<!--_________________________ Start Sermon _________________________ -->\n\n<article id=\"post-12839\" class=\"cmsmasters_sermon one_third post-12839 sermon type-sermon status-publish has-post-thumbnail hentry srm-categs-josue\">\n<figure class=\"cmsmasters_img_rollover_wrap preloader\"><img loading=\"lazy\" decoding=\"async\" width=\"580\" height=\"420\" src=\"https:\/\/ipaliancadf.org\/wp-content\/uploads\/2017\/03\/03-860x500-copiar-2-580x420.jpg\" class=\"full-width wp-post-image\" alt=\"S\u00ea forte e corajoso &#8211; Josu\u00e9 1.1-9\" title=\"03-860x500 copiar 2\" \/><a href=\"https:\/\/ipaliancadf.org\/index.php\/sermon\/the-providence-of-god-in-psalm\/\" title=\"S\u00ea forte e corajoso &#8211; Josu\u00e9 1.1-9\" class=\"cmsmasters_open_link\"><\/a><\/figure><div class=\"cmsmasters_sermon_media\"><a class=\"cmsmasters_sermon_media_item cmsmasters_theme_icon_sermon_video\" href=\"\/\/youtube.com\/embed\/SLUOjvlmUTs\" rel=\"ilightbox[69f28f53a5cff]\"><\/a><a href=\"#\" class=\"cmsmasters_sermon_media_item cmsmasters_sermon_audio cmsmasters_theme_icon_sermon_audio\"><\/a><div class=\"cmsmasters_sermon_audio_content\"><audio class=\"wp-audio-shortcode\" id=\"audio-12839-18\" preload=\"none\" style=\"width: 100%;\" controls=\"controls\"><source type=\"audio\/mpeg\" src=\"http:\/\/pdf.mp3?_=18\" \/><a href=\"http:\/\/pdf.mp3\">http:\/\/pdf.mp3<\/a><\/audio><\/div><a class=\"cmsmasters_sermon_media_item cmsmasters_theme_icon_sermon_download\" href=\"http:\/\/pdfchurch.pdf\" download><\/a><a target=\"_blank\" class=\"cmsmasters_sermon_media_item cmsmasters_theme_icon_sermon_pdf\" href=\"http:\/\/pdfchurch.pdf\"><\/a><\/div><h3 class=\"cmsmasters_sermon_title entry-title\"><a href=\"https:\/\/ipaliancadf.org\/index.php\/sermon\/the-providence-of-god-in-psalm\/\">S\u00ea forte e corajoso &#8211; Josu\u00e9 1.1-9<\/a><\/h3>\n<div class=\"cmsmasters_sermon_author\">\nPregador: <a href=\"https:\/\/ipaliancadf.org\/index.php\/author\/ipali249\/\" title=\"Speaker Rev. Dilsilei Monteiro\" class=\"vcard author\"><span class=\"fn\" rel=\"author\">Rev. Dilsilei Monteiro<\/span><\/a><\/div>\n<abbr class=\"cmsmasters_sermon_date\" title=\"24 de outubro de 2021\">24 de outubro de 2021<\/abbr>\n<div class=\"cmsmasters_sermon_content entry-content\"><p>Exposi\u00e7\u00e3o no Culto Matutino de 24\/10\/2021 da Igreja Presbiteriana Alian\u00e7a de Bras\u00edlia\/DF. <\/p>\n<\/div>\n<\/article>\n\n<!--_________________________ Finish Sermon _________________________ -->\n<!--_________________________ Start Sermon _________________________ -->\n\n<article id=\"post-1274\" class=\"cmsmasters_sermon one_third post-1274 sermon type-sermon status-publish has-post-thumbnail hentry srm-categs-hebreus\">\n<figure class=\"cmsmasters_img_rollover_wrap preloader\"><img loading=\"lazy\" decoding=\"async\" width=\"580\" height=\"420\" src=\"https:\/\/ipaliancadf.org\/wp-content\/uploads\/2017\/03\/03-860x500-copiar-580x420.jpg\" class=\"full-width wp-post-image\" alt=\"A melhor aten\u00e7\u00e3o &#8211; Hebreus 2.1-4\" title=\"03-860x500 copiar\" \/><a href=\"https:\/\/ipaliancadf.org\/index.php\/sermon\/melhor-atencao\/\" title=\"A melhor aten\u00e7\u00e3o &#8211; Hebreus 2.1-4\" class=\"cmsmasters_open_link\"><\/a><\/figure><div class=\"cmsmasters_sermon_media\"><a class=\"cmsmasters_sermon_media_item cmsmasters_theme_icon_sermon_video\" href=\"\/\/youtube.com\/embed\/IA3gMqixEg8\" rel=\"ilightbox[69f28f53a5ff7]\"><\/a><a href=\"#\" class=\"cmsmasters_sermon_media_item cmsmasters_sermon_audio cmsmasters_theme_icon_sermon_audio\"><\/a><div class=\"cmsmasters_sermon_audio_content\"><audio class=\"wp-audio-shortcode\" id=\"audio-1274-19\" preload=\"none\" style=\"width: 100%;\" controls=\"controls\"><source type=\"audio\/mpeg\" src=\"http:\/\/pdfchurch.mp3?_=19\" \/><a href=\"http:\/\/pdfchurch.mp3\">http:\/\/pdfchurch.mp3<\/a><\/audio><\/div><a class=\"cmsmasters_sermon_media_item cmsmasters_theme_icon_sermon_download\" href=\"http:\/\/pdfchurch.pdf\" download><\/a><a target=\"_blank\" class=\"cmsmasters_sermon_media_item cmsmasters_theme_icon_sermon_pdf\" href=\"http:\/\/pdfchurch.pdf\"><\/a><\/div><h3 class=\"cmsmasters_sermon_title entry-title\"><a href=\"https:\/\/ipaliancadf.org\/index.php\/sermon\/melhor-atencao\/\">A melhor aten\u00e7\u00e3o &#8211; Hebreus 2.1-4<\/a><\/h3>\n<div class=\"cmsmasters_sermon_author\">\nPregador: <a href=\"https:\/\/ipaliancadf.org\/index.php\/author\/ipali249\/\" title=\"Speaker Rev. Dilsilei Monteiro\" class=\"vcard author\"><span class=\"fn\" rel=\"author\">Rev. Dilsilei Monteiro<\/span><\/a><\/div>\n<abbr class=\"cmsmasters_sermon_date\" title=\"24 de outubro de 2021\">24 de outubro de 2021<\/abbr>\n<div class=\"cmsmasters_sermon_content entry-content\"><p>Exposi\u00e7\u00e3o feita no Culto da Noite de 24\/10\/2021 da Igreja Presbiteriana Alian\u00e7a de Bras\u00edlia\/DF. <\/p>\n<\/div>\n<\/article>\n\n<!--_________________________ Finish Sermon _________________________ -->\n<!--_________________________ Start Sermon _________________________ -->\n\n<article id=\"post-1263\" class=\"cmsmasters_sermon one_third post-1263 sermon type-sermon status-publish has-post-thumbnail hentry srm-categs-reforma-protestante\">\n<figure class=\"cmsmasters_img_rollover_wrap preloader\"><img loading=\"lazy\" decoding=\"async\" width=\"580\" height=\"420\" src=\"https:\/\/ipaliancadf.org\/wp-content\/uploads\/2016\/05\/03-860x500-copiar22-580x420.jpg\" class=\"full-width wp-post-image\" alt=\"Solus Christus &#8211; Cl 1.15-20\" title=\"03-860x500 copiar22\" \/><a href=\"https:\/\/ipaliancadf.org\/index.php\/sermon\/a-significant-challenge-in-sharing-jesus\/\" title=\"Solus Christus &#8211; Cl 1.15-20\" class=\"cmsmasters_open_link\"><\/a><\/figure><div class=\"cmsmasters_sermon_media\"><a class=\"cmsmasters_sermon_media_item cmsmasters_theme_icon_sermon_video\" href=\"\/\/youtube.com\/embed\/AM6_TcIJjA8\" rel=\"ilightbox[69f28f53a62c7]\"><\/a><a href=\"#\" class=\"cmsmasters_sermon_media_item cmsmasters_sermon_audio cmsmasters_theme_icon_sermon_audio\"><\/a><div class=\"cmsmasters_sermon_audio_content\"><audio class=\"wp-audio-shortcode\" id=\"audio-1263-20\" preload=\"none\" style=\"width: 100%;\" controls=\"controls\"><source type=\"audio\/mpeg\" src=\"https:\/\/ipaliancadf.org\/mensagens\/Solus%20Christus.mp3?_=20\" \/><a href=\"https:\/\/ipaliancadf.org\/mensagens\/Solus%20Christus.mp3\">https:\/\/ipaliancadf.org\/mensagens\/Solus%20Christus.mp3<\/a><\/audio><\/div><a class=\"cmsmasters_sermon_media_item cmsmasters_theme_icon_sermon_download\" href=\"https:\/\/ipaliancadf.org\/mensagens\/Solus%20Christus.mp3\" download><\/a><a target=\"_blank\" class=\"cmsmasters_sermon_media_item cmsmasters_theme_icon_sermon_pdf\" href=\"http:\/\/pdfchurch.pdf\"><\/a><\/div><h3 class=\"cmsmasters_sermon_title entry-title\"><a href=\"https:\/\/ipaliancadf.org\/index.php\/sermon\/a-significant-challenge-in-sharing-jesus\/\">Solus Christus &#8211; Cl 1.15-20<\/a><\/h3>\n<div class=\"cmsmasters_sermon_author\">\nPregador: <a href=\"https:\/\/ipaliancadf.org\/index.php\/author\/ipali249\/\" title=\"Speaker ipali249\" class=\"vcard author\"><span class=\"fn\" rel=\"author\">ipali249<\/span><\/a><\/div>\n<abbr class=\"cmsmasters_sermon_date\" title=\"31 de outubro de 2021\">31 de outubro de 2021<\/abbr>\n<div class=\"cmsmasters_sermon_content entry-content\"><p>Serm\u00e3o pregado no Culto da Noite de 31\/10\/2021 da Igreja Presbiteriana Alian\u00e7a de Bras\u00edlia\/DF, por ocasi\u00e3o da Celebra\u00e7\u00e3o dos 504 anos da Reforma Protestante. <\/p>\n<\/div>\n<\/article>\n\n<!--_________________________ Finish Sermon _________________________ --><\/div>\n<\/div><\/div>\n<\/div>\n<\/div>\n<\/div>\n<\/div>\n<\/div>\n<div id=\"cmsmasters_row_4t76xmiar8\" class=\"cmsmasters_row cmsmasters_color_scheme_default cmsmasters_row_top_default cmsmasters_row_bot_default cmsmasters_row_boxed\">\n<div class=\"cmsmasters_row_outer_parent\">\n<div class=\"cmsmasters_row_outer\">\n<div class=\"cmsmasters_row_inner\">\n<div class=\"cmsmasters_row_margin\">\n<div id=\"cmsmasters_column_lk2n4g1zw9\" class=\"cmsmasters_column one_first\">\n<div class=\"cmsmasters_column_inner\"><div id=\"cmsmasters_fb_4rldbglvaf\" class=\"cmsmasters_featured_block\">\n<div class=\"featured_block_inner\">\n<div class=\"featured_block_text\">\n<div id=\"cmsmasters_heading_3o9gcl4vg\" class=\"cmsmasters_heading_wrap cmsmasters_heading_align_center\">\n\t<h2 class=\"cmsmasters_heading\"> Assine nosso Boletim e receba atualiza\u00e7\u00f5es<\/h2>\n<\/div>\n\n<\/div>\n<\/div>\n<\/div>\n<\/div><\/div>\n<\/div>\n<\/div>\n<div class=\"cmsmasters_row_inner\">\n<div class=\"cmsmasters_row_margin\">\n<div id=\"cmsmasters_column_9isgidawoq\" class=\"cmsmasters_column one_first\">\n<div class=\"cmsmasters_column_inner\">\n<div class=\"cmsmasters_mailpoet\">  \n  \n  <div class=\"\n    mailpoet_form_popup_overlay\n      \"><\/div>\n  <div\n    id=\"mailpoet_form_1\"\n    class=\"\n      mailpoet_form\n      mailpoet_form_shortcode\n      mailpoet_form_position_\n      mailpoet_form_animation_\n    \"\n      >\n    \n    <style type=\"text\/css\">\n     .mailpoet_hp_email_label{display:none!important;}#mailpoet_form_1 .mailpoet_form {  }\n#mailpoet_form_1 .mailpoet_column_with_background { padding: 10px; }\n#mailpoet_form_1 .mailpoet_form_column:not(:first-child) { margin-left: 20px; }\n#mailpoet_form_1 .mailpoet_paragraph { line-height: 20px; margin-bottom: 20px; }\n#mailpoet_form_1 .mailpoet_segment_label, #mailpoet_form_1 .mailpoet_text_label, #mailpoet_form_1 .mailpoet_textarea_label, #mailpoet_form_1 .mailpoet_select_label, #mailpoet_form_1 .mailpoet_radio_label, #mailpoet_form_1 .mailpoet_checkbox_label, #mailpoet_form_1 .mailpoet_list_label, #mailpoet_form_1 .mailpoet_date_label { display: block; font-weight: normal; }\n#mailpoet_form_1 .mailpoet_text, #mailpoet_form_1 .mailpoet_textarea, #mailpoet_form_1 .mailpoet_select, #mailpoet_form_1 .mailpoet_date_month, #mailpoet_form_1 .mailpoet_date_day, #mailpoet_form_1 .mailpoet_date_year, #mailpoet_form_1 .mailpoet_date { display: block; }\n#mailpoet_form_1 .mailpoet_text, #mailpoet_form_1 .mailpoet_textarea { width: 200px; }\n#mailpoet_form_1 .mailpoet_checkbox {  }\n#mailpoet_form_1 .mailpoet_submit {  }\n#mailpoet_form_1 .mailpoet_divider {  }\n#mailpoet_form_1 .mailpoet_message {  }\n#mailpoet_form_1 .mailpoet_form_loading { width: 30px; text-align: center; line-height: normal; }\n#mailpoet_form_1 .mailpoet_form_loading > span { width: 5px; height: 5px; background-color: #5b5b5b; }#mailpoet_form_1{border-radius: 0px;text-align: left;}#mailpoet_form_1 form.mailpoet_form {padding: 20px;}#mailpoet_form_1{width: 100%;}#mailpoet_form_1 .mailpoet_message {margin: 0; padding: 0 20px;}#mailpoet_form_1 .mailpoet_paragraph.last {margin-bottom: 0} @media (max-width: 500px) {#mailpoet_form_1 {background-image: none;}} @media (min-width: 500px) {#mailpoet_form_1 .last .mailpoet_paragraph:last-child {margin-bottom: 0}}  @media (max-width: 500px) {#mailpoet_form_1 .mailpoet_form_column:last-child .mailpoet_paragraph:last-child {margin-bottom: 0}} \n    <\/style>\n\n    <form\n      target=\"_self\"\n      method=\"post\"\n      action=\"https:\/\/ipaliancadf.org\/wp-admin\/admin-post.php?action=mailpoet_subscription_form\"\n      class=\"mailpoet_form mailpoet_form_form mailpoet_form_shortcode\"\n      novalidate\n      data-delay=\"\"\n      data-exit-intent-enabled=\"\"\n      data-font-family=\"\"\n      data-cookie-expiration-time=\"\"\n    >\n      <input type=\"hidden\" name=\"data[form_id]\" value=\"1\" \/>\n      <input type=\"hidden\" name=\"token\" value=\"93b410dfd7\" \/>\n      <input type=\"hidden\" name=\"api_version\" value=\"v1\" \/>\n      <input type=\"hidden\" name=\"endpoint\" value=\"subscribers\" \/>\n      <input type=\"hidden\" name=\"mailpoet_method\" value=\"subscribe\" \/>\n\n      <label class=\"mailpoet_hp_email_label\">Deixe este campo vazio.<input type=\"email\" name=\"data[email]\"\/><\/label><div class=\"mailpoet_paragraph \"><input type=\"email\" class=\"mailpoet_text\" name=\"data[form_field_ZTM5MGFlODI4YzRhX2VtYWls]\" title=\"Endere\u00e7o de e-mail\" value=\"\" style=\"width:100%;padding:5px;margin: 0 auto 0 0;\" data-automation-id=\"form_email\"  placeholder=\"Endere\u00e7o de e-mail *\" data-parsley-required=\"true\" data-parsley-minlength=\"6\" data-parsley-maxlength=\"150\" data-parsley-error-message=\"Especifique um endere\u00e7o de e-mail v\u00e1lido.\" data-parsley-required-message=\"Este campo \u00e9 obrigat\u00f3rio.\"\/><\/div>\n<div class=\"mailpoet_form_columns mailpoet_paragraph mailpoet_stack_on_mobile\" style=\"color:;background:;\"><div class=\"mailpoet_form_column\" style=\"flex-basis:100%;color:;;background:;;\"><div class=\"mailpoet_paragraph \"><input type=\"submit\" class=\"mailpoet_submit\" value=\"Assinar!\" data-automation-id=\"subscribe-submit-button\" style=\"width:100%;padding:5px;margin: 0 auto 0 0;border-color:transparent;\" \/><span class=\"mailpoet_form_loading\"><span class=\"mailpoet_bounce1\"><\/span><span class=\"mailpoet_bounce2\"><\/span><span class=\"mailpoet_bounce3\"><\/span><\/span><\/div>\n<\/div>\n<\/div>\n\n      <div class=\"mailpoet_message\">\n        <p class=\"mailpoet_validate_success\"\n                style=\"display:none;\"\n                >Verifique sua caixa de entrada ou a pasta de spam para confirmar sua assinatura.\n        <\/p>\n        <p class=\"mailpoet_validate_error\"\n                style=\"display:none;\"\n                >        <\/p>\n      <\/div>\n    <\/form>\n  <\/div>\n\n  <\/div>\n<\/div><\/div>\n<\/div>\n<\/div>\n<\/div>\n<\/div>\n<\/div>\n\n","protected":false},"excerpt":{"rendered":"","protected":false},"author":1,"featured_media":0,"parent":0,"menu_order":0,"comment_status":"closed","ping_status":"closed","template":"","meta":{"footnotes":""},"class_list":["post-8946","page","type-page","status-publish","hentry"],"yoast_head":"<!-- This site is optimized with the Yoast SEO plugin v18.3 - https:\/\/yoast.com\/wordpress\/plugins\/seo\/ -->\n<title>Prega\u00e7\u00f5es - Igreja Presbiteriana Alian\u00e7a<\/title>\n<meta name=\"robots\" content=\"index, follow, max-snippet:-1, max-image-preview:large, max-video-preview:-1\" \/>\n<link rel=\"canonical\" href=\"https:\/\/ipaliancadf.org\/index.php\/sermons\/\" \/>\n<meta property=\"og:locale\" content=\"pt_BR\" \/>\n<meta property=\"og:type\" content=\"article\" \/>\n<meta property=\"og:title\" content=\"Prega\u00e7\u00f5es - Igreja Presbiteriana Alian\u00e7a\" \/>\n<meta property=\"og:url\" content=\"https:\/\/ipaliancadf.org\/index.php\/sermons\/\" \/>\n<meta property=\"og:site_name\" content=\"Igreja Presbiteriana Alian\u00e7a\" \/>\n<meta property=\"article:modified_time\" content=\"2022-01-09T03:23:18+00:00\" \/>\n<meta name=\"twitter:card\" content=\"summary_large_image\" \/>\n<meta name=\"twitter:label1\" content=\"Est. tempo de leitura\" \/>\n\t<meta name=\"twitter:data1\" content=\"5 minutos\" \/>\n<script type=\"application\/ld+json\" class=\"yoast-schema-graph\">{\"@context\":\"https:\/\/schema.org\",\"@graph\":[{\"@type\":\"WebSite\",\"@id\":\"https:\/\/ipaliancadf.org\/#website\",\"url\":\"https:\/\/ipaliancadf.org\/\",\"name\":\"Igreja Presbiteriana Alian\u00e7a\",\"description\":\"\",\"potentialAction\":[{\"@type\":\"SearchAction\",\"target\":{\"@type\":\"EntryPoint\",\"urlTemplate\":\"https:\/\/ipaliancadf.org\/?s={search_term_string}\"},\"query-input\":\"required name=search_term_string\"}],\"inLanguage\":\"pt-BR\"},{\"@type\":\"WebPage\",\"@id\":\"https:\/\/ipaliancadf.org\/index.php\/sermons\/#webpage\",\"url\":\"https:\/\/ipaliancadf.org\/index.php\/sermons\/\",\"name\":\"Prega\u00e7\u00f5es - Igreja Presbiteriana Alian\u00e7a\",\"isPartOf\":{\"@id\":\"https:\/\/ipaliancadf.org\/#website\"},\"datePublished\":\"2015-12-02T10:17:13+00:00\",\"dateModified\":\"2022-01-09T03:23:18+00:00\",\"breadcrumb\":{\"@id\":\"https:\/\/ipaliancadf.org\/index.php\/sermons\/#breadcrumb\"},\"inLanguage\":\"pt-BR\",\"potentialAction\":[{\"@type\":\"ReadAction\",\"target\":[\"https:\/\/ipaliancadf.org\/index.php\/sermons\/\"]}]},{\"@type\":\"BreadcrumbList\",\"@id\":\"https:\/\/ipaliancadf.org\/index.php\/sermons\/#breadcrumb\",\"itemListElement\":[{\"@type\":\"ListItem\",\"position\":1,\"name\":\"In\u00edcio\",\"item\":\"https:\/\/ipaliancadf.org\/\"},{\"@type\":\"ListItem\",\"position\":2,\"name\":\"Prega\u00e7\u00f5es\"}]}]}<\/script>\n<!-- \/ Yoast SEO plugin. -->","yoast_head_json":{"title":"Prega\u00e7\u00f5es - Igreja Presbiteriana Alian\u00e7a","robots":{"index":"index","follow":"follow","max-snippet":"max-snippet:-1","max-image-preview":"max-image-preview:large","max-video-preview":"max-video-preview:-1"},"canonical":"https:\/\/ipaliancadf.org\/index.php\/sermons\/","og_locale":"pt_BR","og_type":"article","og_title":"Prega\u00e7\u00f5es - Igreja Presbiteriana Alian\u00e7a","og_url":"https:\/\/ipaliancadf.org\/index.php\/sermons\/","og_site_name":"Igreja Presbiteriana Alian\u00e7a","article_modified_time":"2022-01-09T03:23:18+00:00","twitter_card":"summary_large_image","twitter_misc":{"Est. tempo de leitura":"5 minutos"},"schema":{"@context":"https:\/\/schema.org","@graph":[{"@type":"WebSite","@id":"https:\/\/ipaliancadf.org\/#website","url":"https:\/\/ipaliancadf.org\/","name":"Igreja Presbiteriana Alian\u00e7a","description":"","potentialAction":[{"@type":"SearchAction","target":{"@type":"EntryPoint","urlTemplate":"https:\/\/ipaliancadf.org\/?s={search_term_string}"},"query-input":"required name=search_term_string"}],"inLanguage":"pt-BR"},{"@type":"WebPage","@id":"https:\/\/ipaliancadf.org\/index.php\/sermons\/#webpage","url":"https:\/\/ipaliancadf.org\/index.php\/sermons\/","name":"Prega\u00e7\u00f5es - Igreja Presbiteriana Alian\u00e7a","isPartOf":{"@id":"https:\/\/ipaliancadf.org\/#website"},"datePublished":"2015-12-02T10:17:13+00:00","dateModified":"2022-01-09T03:23:18+00:00","breadcrumb":{"@id":"https:\/\/ipaliancadf.org\/index.php\/sermons\/#breadcrumb"},"inLanguage":"pt-BR","potentialAction":[{"@type":"ReadAction","target":["https:\/\/ipaliancadf.org\/index.php\/sermons\/"]}]},{"@type":"BreadcrumbList","@id":"https:\/\/ipaliancadf.org\/index.php\/sermons\/#breadcrumb","itemListElement":[{"@type":"ListItem","position":1,"name":"In\u00edcio","item":"https:\/\/ipaliancadf.org\/"},{"@type":"ListItem","position":2,"name":"Prega\u00e7\u00f5es"}]}]}},"_links":{"self":[{"href":"https:\/\/ipaliancadf.org\/index.php\/wp-json\/wp\/v2\/pages\/8946","targetHints":{"allow":["GET"]}}],"collection":[{"href":"https:\/\/ipaliancadf.org\/index.php\/wp-json\/wp\/v2\/pages"}],"about":[{"href":"https:\/\/ipaliancadf.org\/index.php\/wp-json\/wp\/v2\/types\/page"}],"author":[{"embeddable":true,"href":"https:\/\/ipaliancadf.org\/index.php\/wp-json\/wp\/v2\/users\/1"}],"replies":[{"embeddable":true,"href":"https:\/\/ipaliancadf.org\/index.php\/wp-json\/wp\/v2\/comments?post=8946"}],"version-history":[{"count":10,"href":"https:\/\/ipaliancadf.org\/index.php\/wp-json\/wp\/v2\/pages\/8946\/revisions"}],"predecessor-version":[{"id":14876,"href":"https:\/\/ipaliancadf.org\/index.php\/wp-json\/wp\/v2\/pages\/8946\/revisions\/14876"}],"wp:attachment":[{"href":"https:\/\/ipaliancadf.org\/index.php\/wp-json\/wp\/v2\/media?parent=8946"}],"curies":[{"name":"wp","href":"https:\/\/api.w.org\/{rel}","templated":true}]}}