{"id":11267,"date":"2016-06-13T08:36:18","date_gmt":"2016-06-13T08:36:18","guid":{"rendered":"http:\/\/eco-press.cmsmasters.net\/?page_id=11258"},"modified":"2021-12-21T02:51:13","modified_gmt":"2021-12-21T05:51:13","slug":"blog","status":"publish","type":"page","link":"https:\/\/ipaliancadf.org\/index.php\/blog\/","title":{"rendered":"Blog"},"content":{"rendered":"<div id=\"cmsmasters_row_5636963f7d\" class=\"cmsmasters_row cmsmasters_color_scheme_default cmsmasters_row_top_default cmsmasters_row_bot_default cmsmasters_row_boxed\">\n<div class=\"cmsmasters_row_outer_parent\">\n<div class=\"cmsmasters_row_outer\">\n<div class=\"cmsmasters_row_inner\">\n<div class=\"cmsmasters_row_margin\">\n<div id=\"cmsmasters_column_\" class=\"cmsmasters_column one_first\">\n<div class=\"cmsmasters_column_inner\"><div id=\"blog_e65cc8c06b\" class=\"cmsmasters_wrap_blog entry-summary\" data-layout=\"standard\" data-layout-mode=\"\" data-url=\"https:\/\/ipaliancadf.org\/wp-content\/plugins\/cmsmasters-content-composer\/\" data-orderby=\"date\" data-order=\"DESC\" data-count=\"5\" data-categories=\"devocional,discipulado,familia,igreja,ministerio,pastoral,vida-crista\" data-metadata=\"date,categories,author,comments,likes,more\" data-pagination=\"pagination\"><div class=\"blog standard\"><!--_________________________ Start Post Default Article _________________________ -->\n<article id=\"post-106\" class=\"cmsmasters_post_default post-106 post type-post status-publish format-image has-post-thumbnail hentry category-ministerio category-pastoral post_format-post-format-image\">\n\t<div class=\"cmsmasters_post_cont\">\n\t<span class=\"cmsmasters_post_date\"><abbr class=\"published\" title=\"3 de agosto de 2021\">3 de agosto de 2021<\/abbr><abbr class=\"dn date updated\" title=\"19 de novembro de 2021\">19 de novembro de 2021<\/abbr><\/span><header class=\"cmsmasters_post_header entry-header\"><h2 class=\"cmsmasters_post_title entry-title\"><a href=\"https:\/\/ipaliancadf.org\/index.php\/2021\/08\/03\/como-voce-pode-servir\/\">Como voc\u00ea pode servir \u00e0 fam\u00edlia da sua igreja local?<\/a><\/h2><\/header><div class=\"cmsmasters_post_cont_info entry-meta\"><span class=\"cmsmasters_post_author\"><span class=\"cmsmasters_post_author_suf\">by <\/span><a href=\"https:\/\/ipaliancadf.org\/index.php\/author\/ipali249\/\" title=\"Posts by ipali249\" class=\"vcard author\"><span class=\"fn\">ipali249<\/span><\/a><\/span><span class=\"cmsmasters_post_category\"><span class=\"cmsmasters_post_cat_suf\">in <\/span><a href=\"https:\/\/ipaliancadf.org\/index.php\/category\/ministerio\/\" class=\"cmsmasters_cat_color cmsmasters_cat_27\" rel=\"category tag\">Minist\u00e9rio<\/a>, <a href=\"https:\/\/ipaliancadf.org\/index.php\/category\/pastoral\/\" class=\"cmsmasters_cat_color cmsmasters_cat_28\" rel=\"category tag\">Pastoral<\/a><\/span><div class=\"cmsmasters_post_info entry-meta\"><span class=\"cmsmasters_likes cmsmasters_post_likes\"><a href=\"#\" onclick=\"cmsmastersLike(106, false); return false;\" id=\"cmsmastersLike-106\" class=\"cmsmastersLike cmsmasters_theme_icon_like\"><span>7 <\/span><\/a><\/span><span class=\"cmsmasters_comments cmsmasters_post_comments\"><a class=\"cmsmasters_theme_icon_comment\" href=\"https:\/\/ipaliancadf.org\/index.php\/2021\/08\/03\/como-voce-pode-servir\/#respond\" title=\"Comment on Como voc\u00ea pode servir \u00e0 fam\u00edlia da sua igreja local?\"><span>0 <\/span><\/a><\/span><\/div><\/div><figure class=\"cmsmasters_img_wrap\"><a href=\"https:\/\/ipaliancadf.org\/wp-content\/uploads\/2017\/08\/860x500-copiar.jpg\" title=\"Como voc\u00ea pode servir \u00e0 fam\u00edlia da sua igreja local?\" rel=\"ilightbox[img_106_69f1d717be094]\" class=\"cmsmasters_img_link\"><img loading=\"lazy\" decoding=\"async\" width=\"860\" height=\"500\" src=\"https:\/\/ipaliancadf.org\/wp-content\/uploads\/2017\/08\/860x500-copiar.jpg\" class=\" wp-post-image\" alt=\"Como voc\u00ea pode servir \u00e0 fam\u00edlia da sua igreja local?\" title=\"860x500 copiar\" srcset=\"https:\/\/ipaliancadf.org\/wp-content\/uploads\/2017\/08\/860x500-copiar.jpg 860w, https:\/\/ipaliancadf.org\/wp-content\/uploads\/2017\/08\/860x500-copiar-300x174.jpg 300w, https:\/\/ipaliancadf.org\/wp-content\/uploads\/2017\/08\/860x500-copiar-768x447.jpg 768w, https:\/\/ipaliancadf.org\/wp-content\/uploads\/2017\/08\/860x500-copiar-580x337.jpg 580w, https:\/\/ipaliancadf.org\/wp-content\/uploads\/2017\/08\/860x500-copiar-600x349.jpg 600w\" sizes=\"auto, (max-width: 860px) 100vw, 860px\" \/><\/a><\/figure><div class=\"cmsmasters_post_content entry-content\">\n<p>Quando falamos de servi\u00e7o na Igreja sempre h\u00e1 alguma inseguran\u00e7a, medo at\u00e9. Veja 5 maneiras simples de voc\u00ea servir a sua igreja: <\/p>\n<\/div>\n<footer class=\"cmsmasters_post_footer entry-meta\"><a class=\"cmsmasters_post_read_more\" href=\"https:\/\/ipaliancadf.org\/index.php\/2021\/08\/03\/como-voce-pode-servir\/\">Continue para ler...<\/a><\/footer>\t<\/div>\n<\/article>\n<!--_________________________ Finish Post Default Article _________________________ -->\n\n<!--_________________________ Start Post Default Article _________________________ -->\n<article id=\"post-1965\" class=\"cmsmasters_post_default post-1965 post type-post status-publish format-image has-post-thumbnail hentry category-discipulado post_format-post-format-image\">\n\t<div class=\"cmsmasters_post_cont\">\n\t<span class=\"cmsmasters_post_date\"><abbr class=\"published\" title=\"28 de julho de 2021\">28 de julho de 2021<\/abbr><abbr class=\"dn date updated\" title=\"19 de novembro de 2021\">19 de novembro de 2021<\/abbr><\/span><header class=\"cmsmasters_post_header entry-header\"><h2 class=\"cmsmasters_post_title entry-title\"><a href=\"https:\/\/ipaliancadf.org\/index.php\/2021\/07\/28\/episodio-01-porque-discipulado-importante\/\">Epis\u00f3dio 01: Por que o discipulado \u00e9 importante<\/a><\/h2><\/header><div class=\"cmsmasters_post_cont_info entry-meta\"><span class=\"cmsmasters_post_author\"><span class=\"cmsmasters_post_author_suf\">by <\/span><a href=\"https:\/\/ipaliancadf.org\/index.php\/author\/ipali249\/\" title=\"Posts by ipali249\" class=\"vcard author\"><span class=\"fn\">ipali249<\/span><\/a><\/span><span class=\"cmsmasters_post_category\"><span class=\"cmsmasters_post_cat_suf\">in <\/span><a href=\"https:\/\/ipaliancadf.org\/index.php\/category\/discipulado\/\" class=\"cmsmasters_cat_color cmsmasters_cat_25\" rel=\"category tag\">Discipulado<\/a><\/span><div class=\"cmsmasters_post_info entry-meta\"><span class=\"cmsmasters_likes cmsmasters_post_likes\"><a href=\"#\" onclick=\"cmsmastersLike(1965, false); return false;\" id=\"cmsmastersLike-1965\" class=\"cmsmastersLike cmsmasters_theme_icon_like\"><span>8 <\/span><\/a><\/span><span class=\"cmsmasters_comments cmsmasters_post_comments\"><a class=\"cmsmasters_theme_icon_comment\" href=\"https:\/\/ipaliancadf.org\/index.php\/2021\/07\/28\/episodio-01-porque-discipulado-importante\/#respond\" title=\"Comment on Epis\u00f3dio 01: Por que o discipulado \u00e9 importante\"><span>0 <\/span><\/a><\/span><\/div><\/div><figure class=\"cmsmasters_img_wrap\"><a href=\"https:\/\/ipaliancadf.org\/wp-content\/uploads\/2017\/07\/00-860x500-copiar.jpg\" title=\"Epis\u00f3dio 01: Por que o discipulado \u00e9 importante\" rel=\"ilightbox[img_1965_69f1d717be711]\" class=\"cmsmasters_img_link\"><img loading=\"lazy\" decoding=\"async\" width=\"860\" height=\"500\" src=\"https:\/\/ipaliancadf.org\/wp-content\/uploads\/2017\/07\/00-860x500-copiar.jpg\" class=\" wp-post-image\" alt=\"Epis\u00f3dio 01: Por que o discipulado \u00e9 importante\" title=\"00-860x500 copiar\" srcset=\"https:\/\/ipaliancadf.org\/wp-content\/uploads\/2017\/07\/00-860x500-copiar.jpg 860w, https:\/\/ipaliancadf.org\/wp-content\/uploads\/2017\/07\/00-860x500-copiar-300x174.jpg 300w, https:\/\/ipaliancadf.org\/wp-content\/uploads\/2017\/07\/00-860x500-copiar-768x447.jpg 768w, https:\/\/ipaliancadf.org\/wp-content\/uploads\/2017\/07\/00-860x500-copiar-580x337.jpg 580w, https:\/\/ipaliancadf.org\/wp-content\/uploads\/2017\/07\/00-860x500-copiar-600x349.jpg 600w\" sizes=\"auto, (max-width: 860px) 100vw, 860px\" \/><\/a><\/figure><div class=\"cmsmasters_post_content entry-content\">\n<p>Lorem ipsum dolor sit amet, consectetur adipiscing elit. Pellentesque fermentum massa vel enim feugiat gravida. <\/p>\n<\/div>\n<footer class=\"cmsmasters_post_footer entry-meta\"><a class=\"cmsmasters_post_read_more\" href=\"https:\/\/ipaliancadf.org\/index.php\/2021\/07\/28\/episodio-01-porque-discipulado-importante\/\">Continue reading...<\/a><\/footer>\t<\/div>\n<\/article>\n<!--_________________________ Finish Post Default Article _________________________ -->\n\n<!--_________________________ Start Post Default Article _________________________ -->\n<article id=\"post-85\" class=\"cmsmasters_post_default post-85 post type-post status-publish format-image has-post-thumbnail hentry category-pastoral category-vida-crista post_format-post-format-image\">\n\t<div class=\"cmsmasters_post_cont\">\n\t<span class=\"cmsmasters_post_date\"><abbr class=\"published\" title=\"22 de julho de 2021\">22 de julho de 2021<\/abbr><abbr class=\"dn date updated\" title=\"19 de novembro de 2021\">19 de novembro de 2021<\/abbr><\/span><header class=\"cmsmasters_post_header entry-header\"><h2 class=\"cmsmasters_post_title entry-title\"><a href=\"https:\/\/ipaliancadf.org\/index.php\/2021\/07\/22\/may-we-never-take-a-dry-eyed-look-at-sin\/\">E todos esses nomes que vimos?<\/a><\/h2><\/header><div class=\"cmsmasters_post_cont_info entry-meta\"><span class=\"cmsmasters_post_author\"><span class=\"cmsmasters_post_author_suf\">by <\/span><a href=\"https:\/\/ipaliancadf.org\/index.php\/author\/ipali249\/\" title=\"Posts by ipali249\" class=\"vcard author\"><span class=\"fn\">ipali249<\/span><\/a><\/span><span class=\"cmsmasters_post_category\"><span class=\"cmsmasters_post_cat_suf\">in <\/span><a href=\"https:\/\/ipaliancadf.org\/index.php\/category\/pastoral\/\" class=\"cmsmasters_cat_color cmsmasters_cat_28\" rel=\"category tag\">Pastoral<\/a>, <a href=\"https:\/\/ipaliancadf.org\/index.php\/category\/vida-crista\/\" class=\"cmsmasters_cat_color cmsmasters_cat_22\" rel=\"category tag\">Vida Crist\u00e3<\/a><\/span><div class=\"cmsmasters_post_info entry-meta\"><span class=\"cmsmasters_likes cmsmasters_post_likes\"><a href=\"#\" onclick=\"cmsmastersLike(85, false); return false;\" id=\"cmsmastersLike-85\" class=\"cmsmastersLike cmsmasters_theme_icon_like\"><span>11 <\/span><\/a><\/span><span class=\"cmsmasters_comments cmsmasters_post_comments\"><a class=\"cmsmasters_theme_icon_comment\" href=\"https:\/\/ipaliancadf.org\/index.php\/2021\/07\/22\/may-we-never-take-a-dry-eyed-look-at-sin\/#respond\" title=\"Comment on E todos esses nomes que vimos?\"><span>0 <\/span><\/a><\/span><\/div><\/div><figure class=\"cmsmasters_img_wrap\"><a href=\"https:\/\/ipaliancadf.org\/wp-content\/uploads\/2017\/07\/01-860x500-copiar.jpg\" title=\"E todos esses nomes que vimos?\" rel=\"ilightbox[img_85_69f1d717bed22]\" class=\"cmsmasters_img_link\"><img loading=\"lazy\" decoding=\"async\" width=\"860\" height=\"500\" src=\"https:\/\/ipaliancadf.org\/wp-content\/uploads\/2017\/07\/01-860x500-copiar.jpg\" class=\" wp-post-image\" alt=\"E todos esses nomes que vimos?\" title=\"01-860x500 copiar\" srcset=\"https:\/\/ipaliancadf.org\/wp-content\/uploads\/2017\/07\/01-860x500-copiar.jpg 860w, https:\/\/ipaliancadf.org\/wp-content\/uploads\/2017\/07\/01-860x500-copiar-300x174.jpg 300w, https:\/\/ipaliancadf.org\/wp-content\/uploads\/2017\/07\/01-860x500-copiar-768x447.jpg 768w, https:\/\/ipaliancadf.org\/wp-content\/uploads\/2017\/07\/01-860x500-copiar-580x337.jpg 580w, https:\/\/ipaliancadf.org\/wp-content\/uploads\/2017\/07\/01-860x500-copiar-600x349.jpg 600w\" sizes=\"auto, (max-width: 860px) 100vw, 860px\" \/><\/a><\/figure><div class=\"cmsmasters_post_content entry-content\">\n<p>As genealogias na B\u00edblia e as listas de nomes de forma semelhante, s\u00e3o pouco compreendidas, raramente as pessoas as veem como devem ser vistas, tipos de pepitas relacionais. <\/p>\n<\/div>\n<footer class=\"cmsmasters_post_footer entry-meta\"><a class=\"cmsmasters_post_read_more\" href=\"https:\/\/ipaliancadf.org\/index.php\/2021\/07\/22\/may-we-never-take-a-dry-eyed-look-at-sin\/\">Continue para ler...<\/a><\/footer>\t<\/div>\n<\/article>\n<!--_________________________ Finish Post Default Article _________________________ -->\n\n<!--_________________________ Start Post Default Article _________________________ -->\n<article id=\"post-87\" class=\"cmsmasters_post_default post-87 post type-post status-publish format-standard has-post-thumbnail hentry category-pastoral category-vida-crista\">\n\t<div class=\"cmsmasters_post_cont\">\n\t<span class=\"cmsmasters_post_date\"><abbr class=\"published\" title=\"18 de julho de 2021\">18 de julho de 2021<\/abbr><abbr class=\"dn date updated\" title=\"19 de novembro de 2021\">19 de novembro de 2021<\/abbr><\/span><header class=\"cmsmasters_post_header entry-header\"><h2 class=\"cmsmasters_post_title entry-title\"><a href=\"https:\/\/ipaliancadf.org\/index.php\/2021\/07\/18\/estabelecendo-objetivos\/\">Estabelecendo objetivos<\/a><\/h2><\/header><div class=\"cmsmasters_post_cont_info entry-meta\"><span class=\"cmsmasters_post_author\"><span class=\"cmsmasters_post_author_suf\">by <\/span><a href=\"https:\/\/ipaliancadf.org\/index.php\/author\/ipali249\/\" title=\"Posts by ipali249\" class=\"vcard author\"><span class=\"fn\">ipali249<\/span><\/a><\/span><span class=\"cmsmasters_post_category\"><span class=\"cmsmasters_post_cat_suf\">in <\/span><a href=\"https:\/\/ipaliancadf.org\/index.php\/category\/pastoral\/\" class=\"cmsmasters_cat_color cmsmasters_cat_28\" rel=\"category tag\">Pastoral<\/a>, <a href=\"https:\/\/ipaliancadf.org\/index.php\/category\/vida-crista\/\" class=\"cmsmasters_cat_color cmsmasters_cat_22\" rel=\"category tag\">Vida Crist\u00e3<\/a><\/span><div class=\"cmsmasters_post_info entry-meta\"><span class=\"cmsmasters_likes cmsmasters_post_likes\"><a href=\"#\" onclick=\"cmsmastersLike(87, false); return false;\" id=\"cmsmastersLike-87\" class=\"cmsmastersLike cmsmasters_theme_icon_like\"><span>9 <\/span><\/a><\/span><span class=\"cmsmasters_comments cmsmasters_post_comments\"><a class=\"cmsmasters_theme_icon_comment\" href=\"https:\/\/ipaliancadf.org\/index.php\/2021\/07\/18\/estabelecendo-objetivos\/#respond\" title=\"Comment on Estabelecendo objetivos\"><span>0 <\/span><\/a><\/span><\/div><\/div><figure class=\"cmsmasters_img_wrap\"><a href=\"https:\/\/ipaliancadf.org\/index.php\/2021\/07\/18\/estabelecendo-objetivos\/\" title=\"Estabelecendo objetivos\" class=\"cmsmasters_img_link\"><img loading=\"lazy\" decoding=\"async\" width=\"860\" height=\"500\" src=\"https:\/\/ipaliancadf.org\/wp-content\/uploads\/2017\/07\/11-860x500-copiar-860x500.jpg\" class=\" wp-post-image\" alt=\"Estabelecendo objetivos\" title=\"11-860x500 copiar\" srcset=\"https:\/\/ipaliancadf.org\/wp-content\/uploads\/2017\/07\/11-860x500-copiar.jpg 860w, https:\/\/ipaliancadf.org\/wp-content\/uploads\/2017\/07\/11-860x500-copiar-300x174.jpg 300w, https:\/\/ipaliancadf.org\/wp-content\/uploads\/2017\/07\/11-860x500-copiar-768x447.jpg 768w, https:\/\/ipaliancadf.org\/wp-content\/uploads\/2017\/07\/11-860x500-copiar-580x337.jpg 580w, https:\/\/ipaliancadf.org\/wp-content\/uploads\/2017\/07\/11-860x500-copiar-600x349.jpg 600w\" sizes=\"auto, (max-width: 860px) 100vw, 860px\" \/><\/a><\/figure><div class=\"cmsmasters_post_content entry-content\">\n<p>Embora o nosso costuma seja esperar o in\u00edcio de um novo ano para pensar sobre esse assunto, definir metas, avaliar metas e refin\u00e1-las \u00e9 uma tarefa digna para quase todos os dias. <\/p>\n<\/div>\n<footer class=\"cmsmasters_post_footer entry-meta\"><a class=\"cmsmasters_post_read_more\" href=\"https:\/\/ipaliancadf.org\/index.php\/2021\/07\/18\/estabelecendo-objetivos\/\">Continue para ler...<\/a><\/footer>\t<\/div>\n<\/article>\n<!--_________________________ Finish Post Default Article _________________________ -->\n\n<!--_________________________ Start Post Default Article _________________________ -->\n<article id=\"post-285\" class=\"cmsmasters_post_default post-285 post type-post status-publish format-image has-post-thumbnail hentry category-pastoral category-vida-crista post_format-post-format-image\">\n\t<div class=\"cmsmasters_post_cont\">\n\t<span class=\"cmsmasters_post_date\"><abbr class=\"published\" title=\"14 de julho de 2021\">14 de julho de 2021<\/abbr><abbr class=\"dn date updated\" title=\"19 de novembro de 2021\">19 de novembro de 2021<\/abbr><\/span><header class=\"cmsmasters_post_header entry-header\"><h2 class=\"cmsmasters_post_title entry-title\"><a href=\"https:\/\/ipaliancadf.org\/index.php\/2021\/07\/14\/nao-sou-bom\/\">Eu n\u00e3o sou bom<\/a><\/h2><\/header><div class=\"cmsmasters_post_cont_info entry-meta\"><span class=\"cmsmasters_post_author\"><span class=\"cmsmasters_post_author_suf\">by <\/span><a href=\"https:\/\/ipaliancadf.org\/index.php\/author\/ipali249\/\" title=\"Posts by ipali249\" class=\"vcard author\"><span class=\"fn\">ipali249<\/span><\/a><\/span><span class=\"cmsmasters_post_category\"><span class=\"cmsmasters_post_cat_suf\">in <\/span><a href=\"https:\/\/ipaliancadf.org\/index.php\/category\/pastoral\/\" class=\"cmsmasters_cat_color cmsmasters_cat_28\" rel=\"category tag\">Pastoral<\/a>, <a href=\"https:\/\/ipaliancadf.org\/index.php\/category\/vida-crista\/\" class=\"cmsmasters_cat_color cmsmasters_cat_22\" rel=\"category tag\">Vida Crist\u00e3<\/a><\/span><div class=\"cmsmasters_post_info entry-meta\"><span class=\"cmsmasters_likes cmsmasters_post_likes\"><a href=\"#\" onclick=\"cmsmastersLike(285, false); return false;\" id=\"cmsmastersLike-285\" class=\"cmsmastersLike cmsmasters_theme_icon_like\"><span>12 <\/span><\/a><\/span><span class=\"cmsmasters_comments cmsmasters_post_comments\"><a class=\"cmsmasters_theme_icon_comment\" href=\"https:\/\/ipaliancadf.org\/index.php\/2021\/07\/14\/nao-sou-bom\/#respond\" title=\"Comment on Eu n\u00e3o sou bom\"><span>0 <\/span><\/a><\/span><\/div><\/div><figure class=\"cmsmasters_img_wrap\"><a href=\"https:\/\/ipaliancadf.org\/wp-content\/uploads\/2017\/07\/01-860x500-copiar-1.jpg\" title=\"Eu n\u00e3o sou bom\" rel=\"ilightbox[img_285_69f1d717bf907]\" class=\"cmsmasters_img_link\"><img loading=\"lazy\" decoding=\"async\" width=\"860\" height=\"500\" src=\"https:\/\/ipaliancadf.org\/wp-content\/uploads\/2017\/07\/01-860x500-copiar-1.jpg\" class=\" wp-post-image\" alt=\"Eu n\u00e3o sou bom\" title=\"01-860x500 copiar 1\" srcset=\"https:\/\/ipaliancadf.org\/wp-content\/uploads\/2017\/07\/01-860x500-copiar-1.jpg 860w, https:\/\/ipaliancadf.org\/wp-content\/uploads\/2017\/07\/01-860x500-copiar-1-300x174.jpg 300w, https:\/\/ipaliancadf.org\/wp-content\/uploads\/2017\/07\/01-860x500-copiar-1-768x447.jpg 768w, https:\/\/ipaliancadf.org\/wp-content\/uploads\/2017\/07\/01-860x500-copiar-1-580x337.jpg 580w, https:\/\/ipaliancadf.org\/wp-content\/uploads\/2017\/07\/01-860x500-copiar-1-600x349.jpg 600w\" sizes=\"auto, (max-width: 860px) 100vw, 860px\" \/><\/a><\/figure><div class=\"cmsmasters_post_content entry-content\">\n<p>Veja aqui sobre como as Escrituras lidam sobre o tema da nossa auto-estima e bondade pessoal.<\/p>\n<\/div>\n<footer class=\"cmsmasters_post_footer entry-meta\"><a class=\"cmsmasters_post_read_more\" href=\"https:\/\/ipaliancadf.org\/index.php\/2021\/07\/14\/nao-sou-bom\/\">Continue para ler...<\/a><\/footer>\t<\/div>\n<\/article>\n<!--_________________________ Finish Post Default Article _________________________ -->\n\n<\/div><div class=\"cmsmasters_wrap_more_posts cmsmasters_wrap_more_items\"><div class=\"cmsmasters_wrap_pagination\"><ul class='page-numbers'>\n\t<li><span aria-current=\"page\" class=\"page-numbers current\">1<\/span><\/li>\n\t<li><a class=\"page-numbers\" href=\"https:\/\/ipaliancadf.org\/index.php\/wp-json\/wp\/v2\/pages\/11267\/page\/2\/\">2<\/a><\/li>\n\t<li><a class=\"page-numbers\" href=\"https:\/\/ipaliancadf.org\/index.php\/wp-json\/wp\/v2\/pages\/11267\/page\/3\/\">3<\/a><\/li>\n\t<li><a class=\"next page-numbers\" href=\"https:\/\/ipaliancadf.org\/index.php\/wp-json\/wp\/v2\/pages\/11267\/page\/2\/\"><span class=\"cmsmasters_theme_icon_pagination_next\"><span><\/span><\/span><\/a><\/li>\n<\/ul>\n<\/div><\/div><\/div>\n<\/div><\/div>\n<\/div>\n<\/div>\n<\/div>\n<\/div>\n<\/div>\n\n","protected":false},"excerpt":{"rendered":"","protected":false},"author":1,"featured_media":0,"parent":0,"menu_order":0,"comment_status":"closed","ping_status":"closed","template":"","meta":{"footnotes":""},"class_list":["post-11267","page","type-page","status-publish","hentry"],"yoast_head":"<!-- This site is optimized with the Yoast SEO plugin v18.3 - https:\/\/yoast.com\/wordpress\/plugins\/seo\/ -->\n<title>Blog - Igreja Presbiteriana Alian\u00e7a<\/title>\n<meta name=\"robots\" content=\"index, follow, max-snippet:-1, max-image-preview:large, max-video-preview:-1\" \/>\n<link rel=\"canonical\" href=\"https:\/\/ipaliancadf.org\/index.php\/blog\/\" \/>\n<meta property=\"og:locale\" content=\"pt_BR\" \/>\n<meta property=\"og:type\" content=\"article\" \/>\n<meta property=\"og:title\" content=\"Blog - Igreja Presbiteriana Alian\u00e7a\" \/>\n<meta property=\"og:url\" content=\"https:\/\/ipaliancadf.org\/index.php\/blog\/\" \/>\n<meta property=\"og:site_name\" content=\"Igreja Presbiteriana Alian\u00e7a\" \/>\n<meta property=\"article:modified_time\" content=\"2021-12-21T05:51:13+00:00\" \/>\n<meta name=\"twitter:card\" content=\"summary_large_image\" \/>\n<script type=\"application\/ld+json\" class=\"yoast-schema-graph\">{\"@context\":\"https:\/\/schema.org\",\"@graph\":[{\"@type\":\"WebSite\",\"@id\":\"https:\/\/ipaliancadf.org\/#website\",\"url\":\"https:\/\/ipaliancadf.org\/\",\"name\":\"Igreja Presbiteriana Alian\u00e7a\",\"description\":\"\",\"potentialAction\":[{\"@type\":\"SearchAction\",\"target\":{\"@type\":\"EntryPoint\",\"urlTemplate\":\"https:\/\/ipaliancadf.org\/?s={search_term_string}\"},\"query-input\":\"required name=search_term_string\"}],\"inLanguage\":\"pt-BR\"},{\"@type\":\"WebPage\",\"@id\":\"https:\/\/ipaliancadf.org\/index.php\/blog\/#webpage\",\"url\":\"https:\/\/ipaliancadf.org\/index.php\/blog\/\",\"name\":\"Blog - Igreja Presbiteriana Alian\u00e7a\",\"isPartOf\":{\"@id\":\"https:\/\/ipaliancadf.org\/#website\"},\"datePublished\":\"2016-06-13T08:36:18+00:00\",\"dateModified\":\"2021-12-21T05:51:13+00:00\",\"breadcrumb\":{\"@id\":\"https:\/\/ipaliancadf.org\/index.php\/blog\/#breadcrumb\"},\"inLanguage\":\"pt-BR\",\"potentialAction\":[{\"@type\":\"ReadAction\",\"target\":[\"https:\/\/ipaliancadf.org\/index.php\/blog\/\"]}]},{\"@type\":\"BreadcrumbList\",\"@id\":\"https:\/\/ipaliancadf.org\/index.php\/blog\/#breadcrumb\",\"itemListElement\":[{\"@type\":\"ListItem\",\"position\":1,\"name\":\"In\u00edcio\",\"item\":\"https:\/\/ipaliancadf.org\/\"},{\"@type\":\"ListItem\",\"position\":2,\"name\":\"Blog\"}]}]}<\/script>\n<!-- \/ Yoast SEO plugin. -->","yoast_head_json":{"title":"Blog - Igreja Presbiteriana Alian\u00e7a","robots":{"index":"index","follow":"follow","max-snippet":"max-snippet:-1","max-image-preview":"max-image-preview:large","max-video-preview":"max-video-preview:-1"},"canonical":"https:\/\/ipaliancadf.org\/index.php\/blog\/","og_locale":"pt_BR","og_type":"article","og_title":"Blog - Igreja Presbiteriana Alian\u00e7a","og_url":"https:\/\/ipaliancadf.org\/index.php\/blog\/","og_site_name":"Igreja Presbiteriana Alian\u00e7a","article_modified_time":"2021-12-21T05:51:13+00:00","twitter_card":"summary_large_image","schema":{"@context":"https:\/\/schema.org","@graph":[{"@type":"WebSite","@id":"https:\/\/ipaliancadf.org\/#website","url":"https:\/\/ipaliancadf.org\/","name":"Igreja Presbiteriana Alian\u00e7a","description":"","potentialAction":[{"@type":"SearchAction","target":{"@type":"EntryPoint","urlTemplate":"https:\/\/ipaliancadf.org\/?s={search_term_string}"},"query-input":"required name=search_term_string"}],"inLanguage":"pt-BR"},{"@type":"WebPage","@id":"https:\/\/ipaliancadf.org\/index.php\/blog\/#webpage","url":"https:\/\/ipaliancadf.org\/index.php\/blog\/","name":"Blog - Igreja Presbiteriana Alian\u00e7a","isPartOf":{"@id":"https:\/\/ipaliancadf.org\/#website"},"datePublished":"2016-06-13T08:36:18+00:00","dateModified":"2021-12-21T05:51:13+00:00","breadcrumb":{"@id":"https:\/\/ipaliancadf.org\/index.php\/blog\/#breadcrumb"},"inLanguage":"pt-BR","potentialAction":[{"@type":"ReadAction","target":["https:\/\/ipaliancadf.org\/index.php\/blog\/"]}]},{"@type":"BreadcrumbList","@id":"https:\/\/ipaliancadf.org\/index.php\/blog\/#breadcrumb","itemListElement":[{"@type":"ListItem","position":1,"name":"In\u00edcio","item":"https:\/\/ipaliancadf.org\/"},{"@type":"ListItem","position":2,"name":"Blog"}]}]}},"_links":{"self":[{"href":"https:\/\/ipaliancadf.org\/index.php\/wp-json\/wp\/v2\/pages\/11267","targetHints":{"allow":["GET"]}}],"collection":[{"href":"https:\/\/ipaliancadf.org\/index.php\/wp-json\/wp\/v2\/pages"}],"about":[{"href":"https:\/\/ipaliancadf.org\/index.php\/wp-json\/wp\/v2\/types\/page"}],"author":[{"embeddable":true,"href":"https:\/\/ipaliancadf.org\/index.php\/wp-json\/wp\/v2\/users\/1"}],"replies":[{"embeddable":true,"href":"https:\/\/ipaliancadf.org\/index.php\/wp-json\/wp\/v2\/comments?post=11267"}],"version-history":[{"count":2,"href":"https:\/\/ipaliancadf.org\/index.php\/wp-json\/wp\/v2\/pages\/11267\/revisions"}],"predecessor-version":[{"id":14658,"href":"https:\/\/ipaliancadf.org\/index.php\/wp-json\/wp\/v2\/pages\/11267\/revisions\/14658"}],"wp:attachment":[{"href":"https:\/\/ipaliancadf.org\/index.php\/wp-json\/wp\/v2\/media?parent=11267"}],"curies":[{"name":"wp","href":"https:\/\/api.w.org\/{rel}","templated":true}]}}